{"id":2240,"date":"2023-05-08T07:56:11","date_gmt":"2023-05-08T07:56:11","guid":{"rendered":"https:\/\/www.ctenergeticremusradulet.ro\/scoala\/?page_id=2240"},"modified":"2026-04-26T17:28:34","modified_gmt":"2026-04-26T17:28:34","slug":"noutati","status":"publish","type":"page","link":"http:\/\/www.ctenergeticremusradulet.ro\/scoala\/noutati\/","title":{"rendered":"\u00ceNSCRIERI \u00ceNV\u0102\u021a\u0102M\u00c2NT PRE\u0218COLAR \u0218I PRIMAR"},"content":{"rendered":"\n<p><\/p>\n\n\n\n<h1 class=\"has-text-align-center has-medium-font-size\">\u00ceNV\u0102\u021a\u0102M\u00c2NT PRE\u0218COLAR GRUPE GR\u0102DINI\u021a\u0102<\/h1>\n\n\n\n<h1 class=\"has-text-align-center has-medium-font-size\">AN \u0218COLAR 2026-2027<\/h1>\n\n\n\n<p><\/p>\n\n\n\n<p class=\"has-medium-font-size\"><em><strong><em><strong><a href=\"https:\/\/www.ctenergeticremusradulet.ro\/static\/fisiere\/NewFolder\/Calendar_inscrieri_anteprescolar_prescolar_2026.pdf\">Calendar \u00eenscriere gr\u0103dini\u021b\u0103 2026-2027<\/a><\/strong><\/em><\/strong><\/em><\/p>\n\n\n\n<p><em><strong>Informa\u021bii importante pentru p\u0103rin\u021bi<\/strong><\/em><\/p>\n\n\n\n<p><em>\u00cen grupele de nivel antepre\u0219colar (cre\u0219\u0103) pot fi \u00eenscri\u0219i copiii cu v\u00e2rste \u00eentre 3 luni \u0219i 3 ani, \u00een limita num\u0103rului de locuri disponibile dup\u0103 etapa de re\u00eenscrieri.<\/em><\/p>\n\n\n\n<p><em>\u00ce<\/em><em>n grupele de nivel pre\u0219colar (gr\u0103dini\u021b\u0103) pot fi \u00eenscri\u0219i copiii cu v\u00e2rste \u00eentre 3 \u0219i 6 ani, \u00een limita locurilor disponibile dup\u0103 etapa de re\u00eenscrieri.<\/em><\/p>\n\n\n\n<p><em>\u00cen cererile-tip de \u00eenscriere p\u0103rin\u021bii pot trece trei op\u021biuni, \u00een ordinea preferin\u021belor. Cererea se depune la unitatea de \u00eenv\u0103\u021b\u0103m\u00e2nt aleas\u0103 ca prim\u0103 op\u021biune.<\/em><\/p>\n\n\n\n<p><em><strong>Etapa de re\u00eenscrieri <\/strong>este etapa \u00een care p\u0103rin\u021bii copiilor care sunt acum la gr\u0103dini\u021b\u0103\/cre\u0219\u0103 \u00ee\u021bi exprim\u0103 op\u021biunea privind frecventarea gr\u0103dini\u021bei\/cre\u0219ei \u0219i \u00een anul \u0219colar urm\u0103tor.<\/em><\/p>\n\n\n\n<p><em>Locurile pe care se vor face \u00eenscrieri pentru copiii care nu sunt acum la cre\u0219\u0103\/gr\u0103dini\u021b\u0103 sunt locurile r\u0103mase libere dup\u0103 aceast\u0103 etap\u0103.<\/em><\/p>\n\n\n\n<p><em>Grupa mare \u0219i grupa mijlocie fac parte din \u00eenv\u0103\u021b\u0103m\u00e2ntul obligatoriu. \u00censcrierea la gr\u0103dini\u021b\u0103 se va face acord\u00e2ndu-se prioritate cuprinderii \u00een gr\u0103dini\u021be a copiilor de 4 \u0219i 5 ani.<\/em><\/p>\n\n\n\n<p><em><strong>Calendarul \u00eenscrierilor la gr\u0103dini\u021b\u0103 \u0219i cre\u0219\u0103 pentru anul \u0219colar 2026-2027<\/strong> <\/em><\/p>\n\n\n\n<p><em><strong>18 &#8211; 22 mai 2026: Etapa de re\u00eenscrieri<\/strong> Sunt re\u00eenscri\u0219i copiii care au frecventat unitatea de \u00eenv\u0103\u021b\u0103m\u00e2nt \u00een anul \u0219colar curent \u0219i care urmeaz\u0103 s\u0103 o frecventeze \u0219i \u00een anul \u0219colar urm\u0103tor, ca urmare a exprim\u0103rii acestei op\u021biuni de c\u0103tre p\u0103rin\u021bii\/reprezentan\u021bii legali ai acestora, printr-o cerere scris\u0103. 22 mai 2026: Afi\u0219area rezultatului \u0219i a num\u0103rului de locuri libere dup\u0103 finalizarea etapei de re\u00eenscrieri.<\/em><\/p>\n\n\n\n<p><em><strong>Etapa I&nbsp;<\/strong>din cadrul procesului de \u00eenscrieri Copiii sunt \u00eenscri\u0219i pe baza dosarelor depuse la unit\u0103\u021bile de \u00eenv\u0103\u021b\u0103m\u00e2nt de c\u0103tre p\u0103rin\u021bii\/ reprezentan\u021bii legali ai acestora \u0219i a celor trei op\u021biuni exprimate, \u00een limita locurilor din planul de \u0219colarizare aprobat, dup\u0103 \u00eencheierea etapei de re\u00eenscrieri.<\/em><\/p>\n\n\n\n<p><strong><em>Perioada:<\/em><\/strong><\/p>\n\n\n\n<p><em><strong>25 mai &#8211; 18 iunie 2026; <\/strong><\/em><\/p>\n\n\n\n<p><em>25 &#8211; 29 mai 2026 (colectare cereri);<\/em><\/p>\n\n\n\n<p><em>2 &#8211; 8 iunie 2026 (procesare cereri Faza I &#8211; prima op\u021biune);<\/em><\/p>\n\n\n\n<p><em>9 &#8211; 12 iunie 2026 (procesare cereri Faza a II- a &#8211; a doua op\u021biune); 1<\/em><\/p>\n\n\n\n<p><em>5 &#8211; 17 iunie 2026 (procesare cereri Faza a III-a &#8211; a treia op\u021biune). <\/em><\/p>\n\n\n\n<p><em>18 iunie 2026 &#8211; Afi\u0219area rezultatului \u0219i a num\u0103rului de locuri libere r\u0103mase dup\u0103 prima etap\u0103 de \u00eenscrieri.<\/em><\/p>\n\n\n\n<p><em><strong>Etapa a II-a<\/strong>&nbsp;din cadrul procesului de \u00eenscrieri \u00cen aceast\u0103 etap\u0103 se realizeaz\u0103 \u00eenscrierea copiilor, pe locurile libere r\u0103mase \u00een urma derul\u0103rii primei etape, pe baza dosarelor depuse la unit\u0103\u021bile de \u00eenv\u0103\u021b\u0103m\u00e2nt de c\u0103tre p\u0103rin\u021bii\/reprezentan\u021bii legali ai acestora \u0219i a celor trei op\u021biuni exprimate \u00een noile cereri de \u00eenscriere depuse. <strong>Perioada:<\/strong><\/em><\/p>\n\n\n\n<p><em><strong>22 iunie &#8211; 9 iulie 2026;<\/strong> <\/em><\/p>\n\n\n\n<p><em>22 &#8211; 26 iunie 2026 (colectare cereri);<\/em><\/p>\n\n\n\n<p><em>29 iunie &#8211; 1 iulie 2026 (procesare cereri Faza I &#8211; prima op\u021biune);<\/em><\/p>\n\n\n\n<p><em>2 &#8211; 6 iulie 2026 (procesare cereri Faza a IIa &#8211; a doua op\u021biune);<\/em><\/p>\n\n\n\n<p><em>7 &#8211; 8 iulie 2026 (procesare cereri Faza a III-a &#8211; a treia op\u021biune). <\/em><\/p>\n\n\n\n<p><em>9 iulie 2026 &#8211; Afi\u0219area rezultatului \u0219i a num\u0103rului de locuri libere r\u0103mase dup\u0103 a doua etap\u0103 de \u00eenscrieri.<\/em><\/p>\n\n\n\n<p><em><strong>17 &#8211; 27 august 2026 <\/strong>&#8211;\u00a0<strong>Etapa de ajust\u0103ri<\/strong>\u00a0\u00cen aceast\u0103 etap\u0103 se realizeaz\u0103 \u00eenscrierea copiilor care nu au fost \u00eenscri\u0219i \u00een primele dou\u0103 etape din lips\u0103 de locuri ori din diferite alte motive sau care nu au participat la primele dou\u0103 etape, pe locurile r\u0103mase libere \u00een urma derul\u0103rii celei de-a doua etape a \u00eenscrierilor, pe baza unei proceduri specifice elaborate de Inspectoratul \u0218colar al Municipiului Bucure\u0219ti (ISMB) \u0219i Inspectoratul \u0218colar Jude\u021bean (ISJ) \u0219i pe baza dosarelor depuse de p\u0103rin\u021bi la inspectoratul \u0219colar. La aceast\u0103 etap\u0103 au acces urm\u0103toarele categorii de copii: copiii care au r\u0103mas nerepartiza\u021bi dup\u0103 derularea celor dou\u0103 etape anterioare, cu prioritate cei de 4 ani \u0219i de 5 ani; copiii care au solicitat \u00eenscrierea \u00een clasa preg\u0103titoare din \u00eenv\u0103\u021b\u0103m\u00e2ntul primar \u0219i nu au fost admi\u0219i ca urmare a avizului negativ al CJRAE\/CMBRAE; copiii de peste 2 ani care solicit\u0103 \u00eenscrierea \u00een grupa mic\u0103 din \u00eenv\u0103\u021b\u0103m\u00e2ntul pre\u0219colar.<strong> 28 august 2026 &#8211;<\/strong><\/em><\/p>\n\n\n\n<p><em>Afi\u0219area rezultatului \u0219i a num\u0103rului de locuri libere dup\u0103 etapa de ajust\u0103ri. <strong>4 septembrie 2026 &#8211; <\/strong>Introducerea \u00een Sistemul Informatic Integrat al \u00cenv\u0103\u0163\u0103m\u00e2ntului din Rom\u00e2nia (SIIIR) a tuturor copiilor \u00eenscri\u0219i \u00een anul \u0219colar 2026 &#8211; 2027, \u00een unit\u0103\u021bile de \u00eenv\u0103\u021b\u0103m\u00e2nt preuniversitar cu personalitate juridic\u0103 cu grupe de nivel pre\u0219colar \u0219i\/sau antepre\u0219colar, repartizarea pe forma\u021biuni de studiu.<\/em><\/p>\n\n\n\n<p><em><strong>Acte necesare pentru \u00eenscrierea la cre\u0219\u0103 \u0219i gr\u0103dini\u021b\u0103 \u00een 2026<\/strong><\/em><\/p>\n\n\n\n<p><em>Dosarul de \u00eenscriere \u00eentr-o unitate de \u00eenv\u0103\u021b\u0103m\u00e2nt cu personalitate juridic\u0103 cu grupe de nivel pre\u0219colar \u0219i\/sau antepre\u0219colar, precum \u0219i \u00een serviciul de educa\u021bie timpurie complementar cuprinde urm\u0103toarele documente:<\/em><\/p>\n\n\n\n<p><em>cerere-tip: pe aceast\u0103 cerere, p\u0103rintele\/reprezentantul legal al copilului va trece trei op\u021biuni (trei unit\u0103\u021bi de \u00eenv\u0103\u021b\u0103m\u00e2nt) pe care acesta le are \u00een vedere pentru copil;<\/em><\/p>\n\n\n\n<p><em>copie de pe certificatul de na\u0219tere al copilului;<\/em><\/p>\n\n\n\n<p><em>copie de pe actele de identitate ale p\u0103rin\u021bilor\/reprezentantului legal;<\/em><\/p>\n\n\n\n<p><em>adeverin\u021b\u0103 de angajat pentru fiecare dintre p\u0103rin\u021bi\/reprezentantul legal sau adeverin\u021b\u0103 privind perioada concediului de cre\u0219tere \u0219i \u00eengrijire copil, pentru tipul de program prelungit, respectiv pentru \u00eenscrierea \u00een \u00eenv\u0103\u021b\u0103m\u00e2ntul antepre\u0219colar;<\/em><\/p>\n\n\n\n<p><em>alte documente doveditoare care fac obiectul criteriilor generale sau specifice de \u00eenscriere \u0219i care sunt analizate \u00een timpul procesului de \u00eenscriere.<\/em><\/p>\n\n\n\n<p><em>\u00cen situa\u021bia transmiterii prin e-mail sau prin po\u0219t\u0103 a cererii-tip, p\u0103rintele va transmite unit\u0103\u021bii de \u00eenv\u0103\u021b\u0103m\u00e2nt o declara\u021bie pe propria r\u0103spundere cu privire la veridicitatea informa\u021biilor completate \u00een cerere (dup\u0103 caz).<\/em><\/p>\n\n\n\n<p><em>Dovada modului \u00een care se exercit\u0103 autoritatea p\u0103rinteasc\u0103 \u00een cazul p\u0103rin\u021bilor divor\u021ba\u021bi \u0219i informa\u021bii privind p\u0103rintele la care a fost stabilit\u0103 locuin\u021ba minorului (dac\u0103 este cazul).<\/em><\/p>\n\n\n\n<p><em>La dosarul de \u00eenscriere se adaug\u0103, la \u00eenceputul anului \u0219colar, urm\u0103toarele documente:<\/em><\/p>\n\n\n\n<p><em>adeverin\u021b\u0103 de la medicul de familie \u00een care se men\u021bioneaz\u0103 c\u0103 respectivul copil este s\u0103n\u0103tos clinic;<\/em><\/p>\n\n\n\n<p><em>adeverin\u021ba este necesar\u0103 \u00een prima zi de prezentare a copilului \u00een unitatea de \u00eenv\u0103\u021b\u0103m\u00e2nt; avizul epidemiologic\/dovada de vaccinare \u00eentocmit(\u0103) conform prevederilor elaborate de Ministerul S\u0103n\u0103t\u0103\u021bii, cu privire la intrarea copilului \u00een colectivitate, eliberat de medicul de familie al copilului cu maximum 5 zile \u00eenainte de a \u00eencepe frecventarea unit\u0103\u021bii.<\/em><\/p>\n\n\n\n<p><em>Dup\u0103 depunerea cererii \u0219i a dosarului de \u00eenscriere, acesta trebuie validat. Indiferent de modalitatea de depunere a cererii-tip de \u00eenscriere, validarea se face la unitatea \u0219colar\u0103 la care se solicit\u0103 \u00eenscrierea, \u00een prezen\u021ba p\u0103rintelui \/reprezentantului legal al copilului care trebuie s\u0103 prezinte actul de identitate propriu \u0219i certificatul de na\u0219tere al copilului, \u00een original, precum \u0219i copii ale acestora pentru a fi certificate conform cu originalul de c\u0103tre persoana desemnat\u0103 din cadrul comisiei de \u00eenscriere de la nivelul unit\u0103\u021bii de \u00eenv\u0103\u021b\u0103m\u00e2nt.<\/em><\/p>\n\n\n\n<p><\/p>\n\n\n\n<p><\/p>\n\n\n\n<p><\/p>\n\n\n\n<p class=\"has-text-align-center has-medium-font-size\"><strong><em>\u00ceNSCRIERE \u00ceN CLASA PREG\u0102TITOARE<\/em><\/strong><\/p>\n\n\n\n<p class=\"has-text-align-center has-medium-font-size\"><strong><em>AN \u0218COLAR 2026-202<\/em><\/strong>7<\/p>\n\n\n\n<p><strong><em>\u00cen anul \u0219colar 2026-2027, la \u0218coala Gimnazial\u0103 nr 31 s-au aprobat 2 clase preg\u0103titoare- 44 de locuri<\/em><\/strong><\/p>\n\n\n\n<figure class=\"wp-block-image size-large\"><img loading=\"lazy\" width=\"1024\" height=\"1024\" src=\"https:\/\/www.ctenergeticremusradulet.ro\/scoala\/wp-content\/uploads\/2026\/02\/642187949_1346645057500196_4676566464525601093_n-1024x1024.jpg\" alt=\"\" class=\"wp-image-2646\" srcset=\"http:\/\/www.ctenergeticremusradulet.ro\/scoala\/wp-content\/uploads\/2026\/02\/642187949_1346645057500196_4676566464525601093_n-1024x1024.jpg 1024w, http:\/\/www.ctenergeticremusradulet.ro\/scoala\/wp-content\/uploads\/2026\/02\/642187949_1346645057500196_4676566464525601093_n-300x300.jpg 300w, http:\/\/www.ctenergeticremusradulet.ro\/scoala\/wp-content\/uploads\/2026\/02\/642187949_1346645057500196_4676566464525601093_n-150x150.jpg 150w, http:\/\/www.ctenergeticremusradulet.ro\/scoala\/wp-content\/uploads\/2026\/02\/642187949_1346645057500196_4676566464525601093_n-768x768.jpg 768w, http:\/\/www.ctenergeticremusradulet.ro\/scoala\/wp-content\/uploads\/2026\/02\/642187949_1346645057500196_4676566464525601093_n-113x113.jpg 113w, http:\/\/www.ctenergeticremusradulet.ro\/scoala\/wp-content\/uploads\/2026\/02\/642187949_1346645057500196_4676566464525601093_n-184x184.jpg 184w, http:\/\/www.ctenergeticremusradulet.ro\/scoala\/wp-content\/uploads\/2026\/02\/642187949_1346645057500196_4676566464525601093_n.jpg 1080w\" sizes=\"(max-width: 1024px) 100vw, 1024px\" \/><\/figure>\n\n\n\n<figure class=\"wp-block-image size-large\"><img loading=\"lazy\" width=\"1024\" height=\"1024\" src=\"https:\/\/www.ctenergeticremusradulet.ro\/scoala\/wp-content\/uploads\/2026\/02\/640278817_1346645064166862_4892020335666272218_n-1024x1024.jpg\" alt=\"\" class=\"wp-image-2645\" srcset=\"http:\/\/www.ctenergeticremusradulet.ro\/scoala\/wp-content\/uploads\/2026\/02\/640278817_1346645064166862_4892020335666272218_n-1024x1024.jpg 1024w, http:\/\/www.ctenergeticremusradulet.ro\/scoala\/wp-content\/uploads\/2026\/02\/640278817_1346645064166862_4892020335666272218_n-300x300.jpg 300w, http:\/\/www.ctenergeticremusradulet.ro\/scoala\/wp-content\/uploads\/2026\/02\/640278817_1346645064166862_4892020335666272218_n-150x150.jpg 150w, http:\/\/www.ctenergeticremusradulet.ro\/scoala\/wp-content\/uploads\/2026\/02\/640278817_1346645064166862_4892020335666272218_n-768x768.jpg 768w, http:\/\/www.ctenergeticremusradulet.ro\/scoala\/wp-content\/uploads\/2026\/02\/640278817_1346645064166862_4892020335666272218_n-113x113.jpg 113w, http:\/\/www.ctenergeticremusradulet.ro\/scoala\/wp-content\/uploads\/2026\/02\/640278817_1346645064166862_4892020335666272218_n-184x184.jpg 184w, http:\/\/www.ctenergeticremusradulet.ro\/scoala\/wp-content\/uploads\/2026\/02\/640278817_1346645064166862_4892020335666272218_n.jpg 1080w\" sizes=\"(max-width: 1024px) 100vw, 1024px\" \/><\/figure>\n\n\n\n<figure class=\"wp-block-image size-full is-resized\"><img loading=\"lazy\" src=\"https:\/\/www.ctenergeticremusradulet.ro\/scoala\/wp-content\/uploads\/2026\/02\/642424579_1346645060833529_1790431907818888565_n.jpg\" alt=\"\" class=\"wp-image-2647\" width=\"837\" height=\"837\" srcset=\"http:\/\/www.ctenergeticremusradulet.ro\/scoala\/wp-content\/uploads\/2026\/02\/642424579_1346645060833529_1790431907818888565_n.jpg 590w, http:\/\/www.ctenergeticremusradulet.ro\/scoala\/wp-content\/uploads\/2026\/02\/642424579_1346645060833529_1790431907818888565_n-300x300.jpg 300w, http:\/\/www.ctenergeticremusradulet.ro\/scoala\/wp-content\/uploads\/2026\/02\/642424579_1346645060833529_1790431907818888565_n-150x150.jpg 150w, http:\/\/www.ctenergeticremusradulet.ro\/scoala\/wp-content\/uploads\/2026\/02\/642424579_1346645060833529_1790431907818888565_n-113x113.jpg 113w, http:\/\/www.ctenergeticremusradulet.ro\/scoala\/wp-content\/uploads\/2026\/02\/642424579_1346645060833529_1790431907818888565_n-184x184.jpg 184w\" sizes=\"(max-width: 837px) 100vw, 837px\" \/><\/figure>\n\n\n\n<figure class=\"wp-block-image size-full is-resized\"><img loading=\"lazy\" src=\"https:\/\/www.ctenergeticremusradulet.ro\/scoala\/wp-content\/uploads\/2026\/02\/643450932_1346645130833522_5092195607356886333_n.jpg\" alt=\"\" class=\"wp-image-2648\" width=\"841\" height=\"841\" srcset=\"http:\/\/www.ctenergeticremusradulet.ro\/scoala\/wp-content\/uploads\/2026\/02\/643450932_1346645130833522_5092195607356886333_n.jpg 590w, http:\/\/www.ctenergeticremusradulet.ro\/scoala\/wp-content\/uploads\/2026\/02\/643450932_1346645130833522_5092195607356886333_n-300x300.jpg 300w, http:\/\/www.ctenergeticremusradulet.ro\/scoala\/wp-content\/uploads\/2026\/02\/643450932_1346645130833522_5092195607356886333_n-150x150.jpg 150w, http:\/\/www.ctenergeticremusradulet.ro\/scoala\/wp-content\/uploads\/2026\/02\/643450932_1346645130833522_5092195607356886333_n-113x113.jpg 113w, http:\/\/www.ctenergeticremusradulet.ro\/scoala\/wp-content\/uploads\/2026\/02\/643450932_1346645130833522_5092195607356886333_n-184x184.jpg 184w\" sizes=\"(max-width: 841px) 100vw, 841px\" \/><\/figure>\n\n\n\n<p><strong><em>ACTE NECESARE \u00ceNSCRIERII LA CLASA PREG\u0102TITOARE AN \u0218COALR 2026-202<\/em><\/strong>7<\/p>\n\n\n\n<p>&#8211;<em><strong>cerere de \u00eenscriere<\/strong><\/em><\/p>\n\n\n\n<p><em><strong>-c\u0103r\u0163ile de identitate ale p\u0103rin\u0163ilor<\/strong><\/em> <em><strong>copii<\/strong><\/em><\/p>\n\n\n\n<p><em><strong>-certificatul de na\u015ftere al copilului<\/strong><\/em> <strong><em>copie<\/em><\/strong><\/p>\n\n\n\n<p><em><strong>-recomandarea de \u00eenscriere \u00een clasa preg\u0103titoare eliberat\u0103 de gr\u0103dini\u0163\u0103 pentru copilul care \u00eempline\u015fte&nbsp; 6 ani dup\u0103 31 august 202<\/strong><\/em>6<\/p>\n\n\n\n<p><em><strong>-documentul prin care CJRAE comunic\u0103 rezultatul pozitiv al evalu\u0103rii dezvolt\u0103rii psihosomatice a copilului \u00een cazul \u00een care \u00eempline\u015fte 6 ani dup\u0103 31 august 2026 \u015fi nu a frecventat gr\u0103dini\u0163a sau s-a \u00eentors din str\u0103in\u0103tate<\/strong><\/em><\/p>\n\n\n\n<p><em><strong>P<\/strong><\/em><strong><em>\u0103rin\u021bii pot depune cerere pentru \u00eenscrierea copilului la clasa preg\u0103titoare \u00een perioada 31 martie-6 mai 2026, potrivit&nbsp;calendarului de inscriere \u00een clasa preg\u0103titoare 2026-2027 aprobat de Ministerul Educa\u021biei \u0219i Cercet\u0103rii<\/em><\/strong> <strong><em>la sediul \u0218colii Gimnaziale nr 31, strada Simeria nr 5, Bra\u0219ov.<\/em><\/strong><\/p>\n\n\n\n<div class=\"wp-block-file\"><object class=\"wp-block-file__embed\" data=\"https:\/\/www.ctenergeticremusradulet.ro\/scoala\/wp-content\/uploads\/2026\/02\/Arondari_inscriere_primar_2026-2027_v2.pdf\" type=\"application\/pdf\" style=\"width:100%;height:600px\" aria-label=\"Embed of Arondari_inscriere_primar_2026-2027_v2.\"><\/object><a id=\"wp-block-file--media-c4411a15-03cc-41cd-9558-16cf157037a7\" href=\"https:\/\/www.ctenergeticremusradulet.ro\/scoala\/wp-content\/uploads\/2026\/02\/Arondari_inscriere_primar_2026-2027_v2.pdf\">Arondari_inscriere_primar_2026-2027_v2<\/a><a href=\"https:\/\/www.ctenergeticremusradulet.ro\/scoala\/wp-content\/uploads\/2026\/02\/Arondari_inscriere_primar_2026-2027_v2.pdf\" class=\"wp-block-file__button\" download aria-describedby=\"wp-block-file--media-c4411a15-03cc-41cd-9558-16cf157037a7\">Download<\/a><\/div>\n\n\n\n<figure class=\"wp-block-image size-large\"><img loading=\"lazy\" width=\"1024\" height=\"724\" src=\"https:\/\/www.ctenergeticremusradulet.ro\/scoala\/wp-content\/uploads\/2026\/03\/f1822a57-8617-4775-a99b-8fc398a22585-1024x724.jpg\" alt=\"\" class=\"wp-image-2653\" srcset=\"http:\/\/www.ctenergeticremusradulet.ro\/scoala\/wp-content\/uploads\/2026\/03\/f1822a57-8617-4775-a99b-8fc398a22585-1024x724.jpg 1024w, http:\/\/www.ctenergeticremusradulet.ro\/scoala\/wp-content\/uploads\/2026\/03\/f1822a57-8617-4775-a99b-8fc398a22585-300x212.jpg 300w, http:\/\/www.ctenergeticremusradulet.ro\/scoala\/wp-content\/uploads\/2026\/03\/f1822a57-8617-4775-a99b-8fc398a22585-768x543.jpg 768w, http:\/\/www.ctenergeticremusradulet.ro\/scoala\/wp-content\/uploads\/2026\/03\/f1822a57-8617-4775-a99b-8fc398a22585-1536x1086.jpg 1536w, http:\/\/www.ctenergeticremusradulet.ro\/scoala\/wp-content\/uploads\/2026\/03\/f1822a57-8617-4775-a99b-8fc398a22585.jpg 1600w\" sizes=\"(max-width: 1024px) 100vw, 1024px\" \/><\/figure>\n\n\n\n<figure class=\"wp-block-image size-large\"><img loading=\"lazy\" width=\"1024\" height=\"724\" src=\"https:\/\/www.ctenergeticremusradulet.ro\/scoala\/wp-content\/uploads\/2026\/03\/WhatsApp-Image-2026-03-02-at-17.53.58-1024x724.jpeg\" alt=\"\" class=\"wp-image-2654\" srcset=\"http:\/\/www.ctenergeticremusradulet.ro\/scoala\/wp-content\/uploads\/2026\/03\/WhatsApp-Image-2026-03-02-at-17.53.58-1024x724.jpeg 1024w, http:\/\/www.ctenergeticremusradulet.ro\/scoala\/wp-content\/uploads\/2026\/03\/WhatsApp-Image-2026-03-02-at-17.53.58-300x212.jpeg 300w, http:\/\/www.ctenergeticremusradulet.ro\/scoala\/wp-content\/uploads\/2026\/03\/WhatsApp-Image-2026-03-02-at-17.53.58-768x543.jpeg 768w, http:\/\/www.ctenergeticremusradulet.ro\/scoala\/wp-content\/uploads\/2026\/03\/WhatsApp-Image-2026-03-02-at-17.53.58-1536x1086.jpeg 1536w, http:\/\/www.ctenergeticremusradulet.ro\/scoala\/wp-content\/uploads\/2026\/03\/WhatsApp-Image-2026-03-02-at-17.53.58.jpeg 1600w\" sizes=\"(max-width: 1024px) 100vw, 1024px\" \/><\/figure>\n\n\n\n<p><\/p>\n\n\n\n<p><\/p>\n\n\n\n<p><\/p>\n\n\n\n<p class=\"has-text-align-center has-medium-font-size\"><strong><em>AN \u0218COLAR 2025-2026<\/em><\/strong><\/p>\n\n\n\n<p>Lista copiiilor admi\u0219i la clasa preg\u0103titoare etapa I an \u0219colar 2025-2026<\/p>\n\n\n\n<div class=\"wp-block-file\"><object class=\"wp-block-file__embed\" data=\"https:\/\/www.ctenergeticremusradulet.ro\/scoala\/wp-content\/uploads\/2025\/05\/Admisi_CP_2025-2026-1.pdf\" type=\"application\/pdf\" style=\"width:100%;height:600px\" aria-label=\"Embed of Admisi_CP_2025-2026-1.\"><\/object><a id=\"wp-block-file--media-85999eb5-30c0-46c8-85ff-d9de974da97e\" href=\"https:\/\/www.ctenergeticremusradulet.ro\/scoala\/wp-content\/uploads\/2025\/05\/Admisi_CP_2025-2026-1.pdf\">Admisi_CP_2025-2026-1<\/a><a href=\"https:\/\/www.ctenergeticremusradulet.ro\/scoala\/wp-content\/uploads\/2025\/05\/Admisi_CP_2025-2026-1.pdf\" class=\"wp-block-file__button\" download aria-describedby=\"wp-block-file--media-85999eb5-30c0-46c8-85ff-d9de974da97e\">Download<\/a><\/div>\n\n\n\n<p>\u00cen anul \u0219colar 2025-2026, la \u0218coala Gimnazial\u0103 nr 31 s-au aprobat 2 clase preg\u0103titoare- 44 de locuri<\/p>\n\n\n\n<p><strong>Calendar \u00eenscriere clasa preg\u0103titoare 2025-2026<\/strong><\/p>\n\n\n\n<div class=\"wp-block-file\"><object class=\"wp-block-file__embed\" data=\"https:\/\/www.ctenergeticremusradulet.ro\/scoala\/wp-content\/uploads\/2025\/03\/Calendar-inscriere-in-invatamantul-primar-pregatitoare-pentru-anul-scolar-2025-2026-Ordin-3.435-Monitorul-Oficial-Partea-I-nr.-194.pdf\" type=\"application\/pdf\" style=\"width:100%;height:600px\" aria-label=\"Embed of Calendar-inscriere-in-invatamantul-primar-pregatitoare-pentru-anul-scolar-2025-2026-Ordin-3.435-Monitorul-Oficial-Partea-I-nr.-194.\"><\/object><a id=\"wp-block-file--media-fa0fe644-c1b9-4429-bf8a-767b72152088\" href=\"https:\/\/www.ctenergeticremusradulet.ro\/scoala\/wp-content\/uploads\/2025\/03\/Calendar-inscriere-in-invatamantul-primar-pregatitoare-pentru-anul-scolar-2025-2026-Ordin-3.435-Monitorul-Oficial-Partea-I-nr.-194.pdf\">Calendar-inscriere-in-invatamantul-primar-pregatitoare-pentru-anul-scolar-2025-2026-Ordin-3.435-Monitorul-Oficial-Partea-I-nr.-194<\/a><a href=\"https:\/\/www.ctenergeticremusradulet.ro\/scoala\/wp-content\/uploads\/2025\/03\/Calendar-inscriere-in-invatamantul-primar-pregatitoare-pentru-anul-scolar-2025-2026-Ordin-3.435-Monitorul-Oficial-Partea-I-nr.-194.pdf\" class=\"wp-block-file__button\" download aria-describedby=\"wp-block-file--media-fa0fe644-c1b9-4429-bf8a-767b72152088\">Download<\/a><\/div>\n\n\n\n<figure class=\"wp-block-gallery has-nested-images columns-default is-cropped\">\n<figure class=\"wp-block-image size-large\"><img loading=\"lazy\" width=\"940\" height=\"788\" data-id=\"2634\"  src=\"https:\/\/www.ctenergeticremusradulet.ro\/scoala\/wp-content\/uploads\/2025\/03\/WhatsApp-Image-2025-03-08-at-15.51.44-1-1.jpeg\" alt=\"\" class=\"wp-image-2634\" srcset=\"http:\/\/www.ctenergeticremusradulet.ro\/scoala\/wp-content\/uploads\/2025\/03\/WhatsApp-Image-2025-03-08-at-15.51.44-1-1.jpeg 940w, http:\/\/www.ctenergeticremusradulet.ro\/scoala\/wp-content\/uploads\/2025\/03\/WhatsApp-Image-2025-03-08-at-15.51.44-1-1-300x251.jpeg 300w, http:\/\/www.ctenergeticremusradulet.ro\/scoala\/wp-content\/uploads\/2025\/03\/WhatsApp-Image-2025-03-08-at-15.51.44-1-1-768x644.jpeg 768w\" sizes=\"(max-width: 940px) 100vw, 940px\" \/><\/figure>\n<\/figure>\n\n\n\n<figure class=\"wp-block-gallery has-nested-images columns-default is-cropped\">\n<figure class=\"wp-block-image size-large\"><img loading=\"lazy\" width=\"940\" height=\"788\" data-id=\"2636\"  src=\"https:\/\/www.ctenergeticremusradulet.ro\/scoala\/wp-content\/uploads\/2025\/03\/WhatsApp-Image-2025-03-08-at-15.51.44-3.jpeg\" alt=\"\" class=\"wp-image-2636\" srcset=\"http:\/\/www.ctenergeticremusradulet.ro\/scoala\/wp-content\/uploads\/2025\/03\/WhatsApp-Image-2025-03-08-at-15.51.44-3.jpeg 940w, http:\/\/www.ctenergeticremusradulet.ro\/scoala\/wp-content\/uploads\/2025\/03\/WhatsApp-Image-2025-03-08-at-15.51.44-3-300x251.jpeg 300w, http:\/\/www.ctenergeticremusradulet.ro\/scoala\/wp-content\/uploads\/2025\/03\/WhatsApp-Image-2025-03-08-at-15.51.44-3-768x644.jpeg 768w\" sizes=\"(max-width: 940px) 100vw, 940px\" \/><\/figure>\n\n\n\n<figure class=\"wp-block-image size-large\"><img loading=\"lazy\" width=\"940\" height=\"788\" data-id=\"2637\"  src=\"https:\/\/www.ctenergeticremusradulet.ro\/scoala\/wp-content\/uploads\/2025\/03\/WhatsApp-Image-2025-03-08-at-15.51.44-2-1.jpeg\" alt=\"\" class=\"wp-image-2637\" srcset=\"http:\/\/www.ctenergeticremusradulet.ro\/scoala\/wp-content\/uploads\/2025\/03\/WhatsApp-Image-2025-03-08-at-15.51.44-2-1.jpeg 940w, http:\/\/www.ctenergeticremusradulet.ro\/scoala\/wp-content\/uploads\/2025\/03\/WhatsApp-Image-2025-03-08-at-15.51.44-2-1-300x251.jpeg 300w, http:\/\/www.ctenergeticremusradulet.ro\/scoala\/wp-content\/uploads\/2025\/03\/WhatsApp-Image-2025-03-08-at-15.51.44-2-1-768x644.jpeg 768w\" sizes=\"(max-width: 940px) 100vw, 940px\" \/><\/figure>\n<\/figure>\n\n\n\n<figure class=\"wp-block-gallery has-nested-images columns-default is-cropped\">\n<figure class=\"wp-block-image size-large\"><img loading=\"lazy\" width=\"940\" height=\"788\" data-id=\"2638\"  src=\"https:\/\/www.ctenergeticremusradulet.ro\/scoala\/wp-content\/uploads\/2025\/03\/WhatsApp-Image-2025-03-08-at-15.51.44.jpeg\" alt=\"\" class=\"wp-image-2638\" srcset=\"http:\/\/www.ctenergeticremusradulet.ro\/scoala\/wp-content\/uploads\/2025\/03\/WhatsApp-Image-2025-03-08-at-15.51.44.jpeg 940w, http:\/\/www.ctenergeticremusradulet.ro\/scoala\/wp-content\/uploads\/2025\/03\/WhatsApp-Image-2025-03-08-at-15.51.44-300x251.jpeg 300w, http:\/\/www.ctenergeticremusradulet.ro\/scoala\/wp-content\/uploads\/2025\/03\/WhatsApp-Image-2025-03-08-at-15.51.44-768x644.jpeg 768w\" sizes=\"(max-width: 940px) 100vw, 940px\" \/><\/figure>\n<\/figure>\n\n\n\n<div class=\"wp-block-file\"><object class=\"wp-block-file__embed\" data=\"https:\/\/www.ctenergeticremusradulet.ro\/scoala\/wp-content\/uploads\/2025\/03\/Arondari_inscriere_primar_2025-2026_v2.pdf\" type=\"application\/pdf\" style=\"width:100%;height:600px\" aria-label=\"Embed of Arondari_inscriere_primar_2025-2026_v2.\"><\/object><a id=\"wp-block-file--media-ec1a19b5-4c53-47a1-bb0e-b0b364cacaa1\" href=\"https:\/\/www.ctenergeticremusradulet.ro\/scoala\/wp-content\/uploads\/2025\/03\/Arondari_inscriere_primar_2025-2026_v2.pdf\">Arondari_inscriere_primar_2025-2026_v2<\/a><a href=\"https:\/\/www.ctenergeticremusradulet.ro\/scoala\/wp-content\/uploads\/2025\/03\/Arondari_inscriere_primar_2025-2026_v2.pdf\" class=\"wp-block-file__button\" download aria-describedby=\"wp-block-file--media-ec1a19b5-4c53-47a1-bb0e-b0b364cacaa1\">Download<\/a><\/div>\n\n\n\n<p><strong><em>ACTE NECESARE \u00ceNSCRIERII LA CLASA PREG\u0102TITOARE AN \u0218COALR 2025-2026<\/em><\/strong><\/p>\n\n\n\n<p>&#8211;<em><strong>cerere de \u00eenscriere<\/strong><\/em><\/p>\n\n\n\n<p><em><strong>-c\u0103r\u0163ile de identitate ale p\u0103rin\u0163ilor<\/strong><\/em> <em><strong>copii<\/strong><\/em><\/p>\n\n\n\n<p><em><strong>-certificatul de na\u015ftere al copilului<\/strong><\/em> <strong><em>copie<\/em><\/strong><\/p>\n\n\n\n<p><em><strong>-recomandarea de \u00eenscriere \u00een clasa preg\u0103titoare eliberat\u0103 de gr\u0103dini\u0163\u0103 pentru copilul care \u00eempline\u015fte&nbsp; 6 ani dup\u0103 31 august 202<\/strong><\/em><strong><em>5<\/em><\/strong><\/p>\n\n\n\n<p><em><strong>-documentul prin care CJRAE comunic\u0103 rezultatul pozitiv al evalu\u0103rii dezvolt\u0103rii psihosomatice a copilului \u00een cazul \u00een care \u00eempline\u015fte 6 ani dup\u0103 31 august 2025 \u015fi nu a frecventat gr\u0103dini\u0163a sau s-a \u00eentors din str\u0103in\u0103tate<\/strong><\/em><\/p>\n\n\n\n<p><em><strong>P<\/strong><\/em><strong><em>\u0103rin\u021bii pot depune cerere pentru \u00eenscrierea copilului la clasa preg\u0103titoare \u00een perioada 31 martie-6 mai 2025, potrivit&nbsp;<a rel=\"noreferrer noopener\" href=\"https:\/\/www.edupedu.ro\/ultima-ora-calendarul-inscrierii-pentru-clasa-pregatitoare-2025-aprobat-de-ministerul-educatiei-cererile-se-depun-in-perioada-31-martie-6-mai\/\" target=\"_blank\">calendarului de \u00eenscriere \u00een \u00eenv\u0103\u021b\u0103m\u00e2ntul primar pentru anul \u0219colar 2025-2026<\/a>, aprobat de Ministerul Educa\u021biei \u0219i Cercet\u0103rii<\/em><\/strong> <strong><em>la sediul \u0218colii Gimnaziale nr 31, strada Simeria nr 5, Bra\u0219ov.<\/em><\/strong><\/p>\n\n\n\n<p><strong><em>CERERE DE \u00ceNSCRIERE CLASA PREG\u0102TITOARE AN \u0218COLAR 2025-2026 ETAPA I<\/em><\/strong><\/p>\n\n\n\n<div class=\"wp-block-file\"><object class=\"wp-block-file__embed\" data=\"https:\/\/www.ctenergeticremusradulet.ro\/scoala\/wp-content\/uploads\/2025\/03\/CERERE_TIP_CLSPRG_ETAPA_I_2025.pdf\" type=\"application\/pdf\" style=\"width:100%;height:600px\" aria-label=\"Embed of CERERE_TIP_CLSPRG_ETAPA_I_2025.\"><\/object><a id=\"wp-block-file--media-dd6fe587-462b-4de4-9957-957aaa92ee8d\" href=\"https:\/\/www.ctenergeticremusradulet.ro\/scoala\/wp-content\/uploads\/2025\/03\/CERERE_TIP_CLSPRG_ETAPA_I_2025.pdf\">CERERE_TIP_CLSPRG_ETAPA_I_2025<\/a><a href=\"https:\/\/www.ctenergeticremusradulet.ro\/scoala\/wp-content\/uploads\/2025\/03\/CERERE_TIP_CLSPRG_ETAPA_I_2025.pdf\" class=\"wp-block-file__button\" download aria-describedby=\"wp-block-file--media-dd6fe587-462b-4de4-9957-957aaa92ee8d\">Download<\/a><\/div>\n\n\n\n<p><strong><em>CERERE DE \u00ceNSCRIERE CLASA PREG\u0102TITOARE AN \u0218COLAR 2025-2026 ETAPA II<\/em><\/strong><\/p>\n\n\n\n<div class=\"wp-block-file\"><object class=\"wp-block-file__embed\" data=\"https:\/\/www.ctenergeticremusradulet.ro\/scoala\/wp-content\/uploads\/2025\/03\/CERERE_TIP_CLSPREG_Etapa_II_2025.pdf\" type=\"application\/pdf\" style=\"width:100%;height:600px\" aria-label=\"Embed of CERERE_TIP_CLSPREG_Etapa_II_2025.\"><\/object><a id=\"wp-block-file--media-89dc5846-dc81-4f44-89ad-017f1c87cff2\" href=\"https:\/\/www.ctenergeticremusradulet.ro\/scoala\/wp-content\/uploads\/2025\/03\/CERERE_TIP_CLSPREG_Etapa_II_2025.pdf\">CERERE_TIP_CLSPREG_Etapa_II_2025<\/a><a href=\"https:\/\/www.ctenergeticremusradulet.ro\/scoala\/wp-content\/uploads\/2025\/03\/CERERE_TIP_CLSPREG_Etapa_II_2025.pdf\" class=\"wp-block-file__button\" download aria-describedby=\"wp-block-file--media-89dc5846-dc81-4f44-89ad-017f1c87cff2\">Download<\/a><\/div>\n\n\n\n<p class=\"has-text-align-left has-medium-font-size\"><strong><em>&nbsp;<\/em><\/strong><a href=\"https:\/\/www.cjraebrasov.ro\/inscrierea-copiilor-in-invatamantul-primar-yc\">Nout\u0103\u021bi de la CJRAE Bra\u0219ov privind \u00eenscrierea \u00een clasa preg\u0103titoare 2025-2026<\/a><\/p>\n\n\n\n<p class=\"has-medium-font-size\"><a href=\"https:\/\/www.isjbrasov.ro\/index.php\/inscrieri\/inscriere-inv-primar\/anunturi-noutati\/6754-inscrierea-amanarea-inscrierii-in-invatamantul-primar-2oe25-2oe26\">\u00censcrierea\/am\u00e2narea \u00eenscrierii \u00een \u00eenv\u0103\u021b\u0103m\u00e2ntul primar 2025-2026<\/a><\/p>\n\n\n\n<p><strong><em>GALERIE DE IMAGINI<\/em><\/strong><\/p>\n\n\n\n<figure class=\"wp-block-gallery has-nested-images columns-default is-cropped\">\n<figure class=\"wp-block-image size-large\"><img loading=\"lazy\" width=\"1024\" height=\"768\" data-id=\"2606\"  src=\"https:\/\/www.ctenergeticremusradulet.ro\/scoala\/wp-content\/uploads\/2025\/03\/WhatsApp-Image-2025-03-06-at-13.09.02-5-1024x768.jpeg\" alt=\"\" class=\"wp-image-2606\" srcset=\"http:\/\/www.ctenergeticremusradulet.ro\/scoala\/wp-content\/uploads\/2025\/03\/WhatsApp-Image-2025-03-06-at-13.09.02-5-1024x768.jpeg 1024w, http:\/\/www.ctenergeticremusradulet.ro\/scoala\/wp-content\/uploads\/2025\/03\/WhatsApp-Image-2025-03-06-at-13.09.02-5-300x225.jpeg 300w, http:\/\/www.ctenergeticremusradulet.ro\/scoala\/wp-content\/uploads\/2025\/03\/WhatsApp-Image-2025-03-06-at-13.09.02-5-768x576.jpeg 768w, http:\/\/www.ctenergeticremusradulet.ro\/scoala\/wp-content\/uploads\/2025\/03\/WhatsApp-Image-2025-03-06-at-13.09.02-5-1536x1152.jpeg 1536w, http:\/\/www.ctenergeticremusradulet.ro\/scoala\/wp-content\/uploads\/2025\/03\/WhatsApp-Image-2025-03-06-at-13.09.02-5.jpeg 1600w\" sizes=\"(max-width: 1024px) 100vw, 1024px\" \/><\/figure>\n\n\n\n<figure class=\"wp-block-image size-large\"><img loading=\"lazy\" width=\"1024\" height=\"768\" data-id=\"2610\"  src=\"https:\/\/www.ctenergeticremusradulet.ro\/scoala\/wp-content\/uploads\/2025\/03\/WhatsApp-Image-2025-03-06-at-13.09.37-1-1-1024x768.jpeg\" alt=\"\" class=\"wp-image-2610\" srcset=\"http:\/\/www.ctenergeticremusradulet.ro\/scoala\/wp-content\/uploads\/2025\/03\/WhatsApp-Image-2025-03-06-at-13.09.37-1-1-1024x768.jpeg 1024w, http:\/\/www.ctenergeticremusradulet.ro\/scoala\/wp-content\/uploads\/2025\/03\/WhatsApp-Image-2025-03-06-at-13.09.37-1-1-300x225.jpeg 300w, http:\/\/www.ctenergeticremusradulet.ro\/scoala\/wp-content\/uploads\/2025\/03\/WhatsApp-Image-2025-03-06-at-13.09.37-1-1-768x576.jpeg 768w, http:\/\/www.ctenergeticremusradulet.ro\/scoala\/wp-content\/uploads\/2025\/03\/WhatsApp-Image-2025-03-06-at-13.09.37-1-1-1536x1152.jpeg 1536w, http:\/\/www.ctenergeticremusradulet.ro\/scoala\/wp-content\/uploads\/2025\/03\/WhatsApp-Image-2025-03-06-at-13.09.37-1-1.jpeg 1600w\" sizes=\"(max-width: 1024px) 100vw, 1024px\" \/><\/figure>\n\n\n\n<figure class=\"wp-block-image size-large\"><img loading=\"lazy\" width=\"1024\" height=\"768\" data-id=\"2609\"  src=\"https:\/\/www.ctenergeticremusradulet.ro\/scoala\/wp-content\/uploads\/2025\/03\/WhatsApp-Image-2025-03-06-at-13.09.37-2-1-1024x768.jpeg\" alt=\"\" class=\"wp-image-2609\" srcset=\"http:\/\/www.ctenergeticremusradulet.ro\/scoala\/wp-content\/uploads\/2025\/03\/WhatsApp-Image-2025-03-06-at-13.09.37-2-1-1024x768.jpeg 1024w, http:\/\/www.ctenergeticremusradulet.ro\/scoala\/wp-content\/uploads\/2025\/03\/WhatsApp-Image-2025-03-06-at-13.09.37-2-1-300x225.jpeg 300w, http:\/\/www.ctenergeticremusradulet.ro\/scoala\/wp-content\/uploads\/2025\/03\/WhatsApp-Image-2025-03-06-at-13.09.37-2-1-768x576.jpeg 768w, http:\/\/www.ctenergeticremusradulet.ro\/scoala\/wp-content\/uploads\/2025\/03\/WhatsApp-Image-2025-03-06-at-13.09.37-2-1-1536x1152.jpeg 1536w, http:\/\/www.ctenergeticremusradulet.ro\/scoala\/wp-content\/uploads\/2025\/03\/WhatsApp-Image-2025-03-06-at-13.09.37-2-1.jpeg 1600w\" sizes=\"(max-width: 1024px) 100vw, 1024px\" \/><\/figure>\n\n\n\n<figure class=\"wp-block-image size-large\"><img loading=\"lazy\" width=\"1024\" height=\"445\" data-id=\"2611\"  src=\"https:\/\/www.ctenergeticremusradulet.ro\/scoala\/wp-content\/uploads\/2025\/03\/WhatsApp-Image-2025-03-06-at-13.09.37-3-1-1024x445.jpeg\" alt=\"\" class=\"wp-image-2611\" srcset=\"http:\/\/www.ctenergeticremusradulet.ro\/scoala\/wp-content\/uploads\/2025\/03\/WhatsApp-Image-2025-03-06-at-13.09.37-3-1-1024x445.jpeg 1024w, http:\/\/www.ctenergeticremusradulet.ro\/scoala\/wp-content\/uploads\/2025\/03\/WhatsApp-Image-2025-03-06-at-13.09.37-3-1-300x131.jpeg 300w, http:\/\/www.ctenergeticremusradulet.ro\/scoala\/wp-content\/uploads\/2025\/03\/WhatsApp-Image-2025-03-06-at-13.09.37-3-1-768x334.jpeg 768w, http:\/\/www.ctenergeticremusradulet.ro\/scoala\/wp-content\/uploads\/2025\/03\/WhatsApp-Image-2025-03-06-at-13.09.37-3-1-1536x668.jpeg 1536w, http:\/\/www.ctenergeticremusradulet.ro\/scoala\/wp-content\/uploads\/2025\/03\/WhatsApp-Image-2025-03-06-at-13.09.37-3-1.jpeg 1600w\" sizes=\"(max-width: 1024px) 100vw, 1024px\" \/><\/figure>\n\n\n\n<figure class=\"wp-block-image size-large\"><img loading=\"lazy\" width=\"1024\" height=\"305\" data-id=\"2607\"  src=\"https:\/\/www.ctenergeticremusradulet.ro\/scoala\/wp-content\/uploads\/2025\/03\/WhatsApp-Image-2025-03-06-at-13.09.37-4-1-1024x305.jpeg\" alt=\"\" class=\"wp-image-2607\" srcset=\"http:\/\/www.ctenergeticremusradulet.ro\/scoala\/wp-content\/uploads\/2025\/03\/WhatsApp-Image-2025-03-06-at-13.09.37-4-1-1024x305.jpeg 1024w, http:\/\/www.ctenergeticremusradulet.ro\/scoala\/wp-content\/uploads\/2025\/03\/WhatsApp-Image-2025-03-06-at-13.09.37-4-1-300x89.jpeg 300w, http:\/\/www.ctenergeticremusradulet.ro\/scoala\/wp-content\/uploads\/2025\/03\/WhatsApp-Image-2025-03-06-at-13.09.37-4-1-768x228.jpeg 768w, http:\/\/www.ctenergeticremusradulet.ro\/scoala\/wp-content\/uploads\/2025\/03\/WhatsApp-Image-2025-03-06-at-13.09.37-4-1-1536x457.jpeg 1536w, http:\/\/www.ctenergeticremusradulet.ro\/scoala\/wp-content\/uploads\/2025\/03\/WhatsApp-Image-2025-03-06-at-13.09.37-4-1.jpeg 1600w\" sizes=\"(max-width: 1024px) 100vw, 1024px\" \/><\/figure>\n\n\n\n<figure class=\"wp-block-image size-large\"><img loading=\"lazy\" width=\"1024\" height=\"324\" data-id=\"2608\"  src=\"https:\/\/www.ctenergeticremusradulet.ro\/scoala\/wp-content\/uploads\/2025\/03\/WhatsApp-Image-2025-03-06-at-13.09.37-5-1-1024x324.jpeg\" alt=\"\" class=\"wp-image-2608\" srcset=\"http:\/\/www.ctenergeticremusradulet.ro\/scoala\/wp-content\/uploads\/2025\/03\/WhatsApp-Image-2025-03-06-at-13.09.37-5-1-1024x324.jpeg 1024w, http:\/\/www.ctenergeticremusradulet.ro\/scoala\/wp-content\/uploads\/2025\/03\/WhatsApp-Image-2025-03-06-at-13.09.37-5-1-300x95.jpeg 300w, http:\/\/www.ctenergeticremusradulet.ro\/scoala\/wp-content\/uploads\/2025\/03\/WhatsApp-Image-2025-03-06-at-13.09.37-5-1-768x243.jpeg 768w, http:\/\/www.ctenergeticremusradulet.ro\/scoala\/wp-content\/uploads\/2025\/03\/WhatsApp-Image-2025-03-06-at-13.09.37-5-1-1536x486.jpeg 1536w, http:\/\/www.ctenergeticremusradulet.ro\/scoala\/wp-content\/uploads\/2025\/03\/WhatsApp-Image-2025-03-06-at-13.09.37-5-1.jpeg 1600w\" sizes=\"(max-width: 1024px) 100vw, 1024px\" \/><\/figure>\n\n\n\n<figure class=\"wp-block-image size-large\"><img loading=\"lazy\" width=\"1024\" height=\"768\" data-id=\"2612\"  src=\"https:\/\/www.ctenergeticremusradulet.ro\/scoala\/wp-content\/uploads\/2025\/03\/WhatsApp-Image-2025-03-06-at-13.09.37-6-1-1024x768.jpeg\" alt=\"\" class=\"wp-image-2612\" srcset=\"http:\/\/www.ctenergeticremusradulet.ro\/scoala\/wp-content\/uploads\/2025\/03\/WhatsApp-Image-2025-03-06-at-13.09.37-6-1-1024x768.jpeg 1024w, http:\/\/www.ctenergeticremusradulet.ro\/scoala\/wp-content\/uploads\/2025\/03\/WhatsApp-Image-2025-03-06-at-13.09.37-6-1-300x225.jpeg 300w, http:\/\/www.ctenergeticremusradulet.ro\/scoala\/wp-content\/uploads\/2025\/03\/WhatsApp-Image-2025-03-06-at-13.09.37-6-1-768x576.jpeg 768w, http:\/\/www.ctenergeticremusradulet.ro\/scoala\/wp-content\/uploads\/2025\/03\/WhatsApp-Image-2025-03-06-at-13.09.37-6-1-1536x1152.jpeg 1536w, http:\/\/www.ctenergeticremusradulet.ro\/scoala\/wp-content\/uploads\/2025\/03\/WhatsApp-Image-2025-03-06-at-13.09.37-6-1.jpeg 1600w\" sizes=\"(max-width: 1024px) 100vw, 1024px\" \/><\/figure>\n\n\n\n<figure class=\"wp-block-image size-large\"><img loading=\"lazy\" width=\"1024\" height=\"768\" data-id=\"2613\"  src=\"https:\/\/www.ctenergeticremusradulet.ro\/scoala\/wp-content\/uploads\/2025\/03\/WhatsApp-Image-2025-03-06-at-13.09.37-7-1-1024x768.jpeg\" alt=\"\" class=\"wp-image-2613\" srcset=\"http:\/\/www.ctenergeticremusradulet.ro\/scoala\/wp-content\/uploads\/2025\/03\/WhatsApp-Image-2025-03-06-at-13.09.37-7-1-1024x768.jpeg 1024w, http:\/\/www.ctenergeticremusradulet.ro\/scoala\/wp-content\/uploads\/2025\/03\/WhatsApp-Image-2025-03-06-at-13.09.37-7-1-300x225.jpeg 300w, http:\/\/www.ctenergeticremusradulet.ro\/scoala\/wp-content\/uploads\/2025\/03\/WhatsApp-Image-2025-03-06-at-13.09.37-7-1-768x576.jpeg 768w, http:\/\/www.ctenergeticremusradulet.ro\/scoala\/wp-content\/uploads\/2025\/03\/WhatsApp-Image-2025-03-06-at-13.09.37-7-1-1536x1152.jpeg 1536w, http:\/\/www.ctenergeticremusradulet.ro\/scoala\/wp-content\/uploads\/2025\/03\/WhatsApp-Image-2025-03-06-at-13.09.37-7-1.jpeg 1600w\" sizes=\"(max-width: 1024px) 100vw, 1024px\" \/><\/figure>\n\n\n\n<figure class=\"wp-block-image size-large\"><img loading=\"lazy\" width=\"1024\" height=\"415\" data-id=\"2614\"  src=\"https:\/\/www.ctenergeticremusradulet.ro\/scoala\/wp-content\/uploads\/2025\/03\/WhatsApp-Image-2025-03-06-at-13.09.37-8-1-1024x415.jpeg\" alt=\"\" class=\"wp-image-2614\" srcset=\"http:\/\/www.ctenergeticremusradulet.ro\/scoala\/wp-content\/uploads\/2025\/03\/WhatsApp-Image-2025-03-06-at-13.09.37-8-1-1024x415.jpeg 1024w, http:\/\/www.ctenergeticremusradulet.ro\/scoala\/wp-content\/uploads\/2025\/03\/WhatsApp-Image-2025-03-06-at-13.09.37-8-1-300x122.jpeg 300w, http:\/\/www.ctenergeticremusradulet.ro\/scoala\/wp-content\/uploads\/2025\/03\/WhatsApp-Image-2025-03-06-at-13.09.37-8-1-768x312.jpeg 768w, http:\/\/www.ctenergeticremusradulet.ro\/scoala\/wp-content\/uploads\/2025\/03\/WhatsApp-Image-2025-03-06-at-13.09.37-8-1-1536x623.jpeg 1536w, http:\/\/www.ctenergeticremusradulet.ro\/scoala\/wp-content\/uploads\/2025\/03\/WhatsApp-Image-2025-03-06-at-13.09.37-8-1.jpeg 1600w\" sizes=\"(max-width: 1024px) 100vw, 1024px\" \/><\/figure>\n\n\n\n<figure class=\"wp-block-image size-large\"><img loading=\"lazy\" width=\"1024\" height=\"405\" data-id=\"2615\"  src=\"https:\/\/www.ctenergeticremusradulet.ro\/scoala\/wp-content\/uploads\/2025\/03\/WhatsApp-Image-2025-03-06-at-13.09.37-9-1-1024x405.jpeg\" alt=\"\" class=\"wp-image-2615\" srcset=\"http:\/\/www.ctenergeticremusradulet.ro\/scoala\/wp-content\/uploads\/2025\/03\/WhatsApp-Image-2025-03-06-at-13.09.37-9-1-1024x405.jpeg 1024w, http:\/\/www.ctenergeticremusradulet.ro\/scoala\/wp-content\/uploads\/2025\/03\/WhatsApp-Image-2025-03-06-at-13.09.37-9-1-300x119.jpeg 300w, http:\/\/www.ctenergeticremusradulet.ro\/scoala\/wp-content\/uploads\/2025\/03\/WhatsApp-Image-2025-03-06-at-13.09.37-9-1-768x304.jpeg 768w, http:\/\/www.ctenergeticremusradulet.ro\/scoala\/wp-content\/uploads\/2025\/03\/WhatsApp-Image-2025-03-06-at-13.09.37-9-1-1536x608.jpeg 1536w, http:\/\/www.ctenergeticremusradulet.ro\/scoala\/wp-content\/uploads\/2025\/03\/WhatsApp-Image-2025-03-06-at-13.09.37-9-1.jpeg 1600w\" sizes=\"(max-width: 1024px) 100vw, 1024px\" \/><\/figure>\n\n\n\n<figure class=\"wp-block-image size-large\"><img loading=\"lazy\" width=\"1024\" height=\"768\" data-id=\"2616\"  src=\"https:\/\/www.ctenergeticremusradulet.ro\/scoala\/wp-content\/uploads\/2025\/03\/WhatsApp-Image-2025-03-06-at-13.09.37-10-1024x768.jpeg\" alt=\"\" class=\"wp-image-2616\" srcset=\"http:\/\/www.ctenergeticremusradulet.ro\/scoala\/wp-content\/uploads\/2025\/03\/WhatsApp-Image-2025-03-06-at-13.09.37-10-1024x768.jpeg 1024w, http:\/\/www.ctenergeticremusradulet.ro\/scoala\/wp-content\/uploads\/2025\/03\/WhatsApp-Image-2025-03-06-at-13.09.37-10-300x225.jpeg 300w, http:\/\/www.ctenergeticremusradulet.ro\/scoala\/wp-content\/uploads\/2025\/03\/WhatsApp-Image-2025-03-06-at-13.09.37-10-768x576.jpeg 768w, http:\/\/www.ctenergeticremusradulet.ro\/scoala\/wp-content\/uploads\/2025\/03\/WhatsApp-Image-2025-03-06-at-13.09.37-10-1536x1152.jpeg 1536w, http:\/\/www.ctenergeticremusradulet.ro\/scoala\/wp-content\/uploads\/2025\/03\/WhatsApp-Image-2025-03-06-at-13.09.37-10.jpeg 1600w\" sizes=\"(max-width: 1024px) 100vw, 1024px\" \/><\/figure>\n<\/figure>\n\n\n\n<p><\/p>\n\n\n\n<p><\/p>\n\n\n\n<p><\/p>\n\n\n\n<p><\/p>\n\n\n\n<p><\/p>\n\n\n\n<p><\/p>\n\n\n\n<p class=\"has-text-align-center has-medium-font-size\"><strong><em>\u00ceNSCRIERE \u00ceN CLASA PREG\u0102TITOARE <\/em><\/strong><\/p>\n\n\n\n<p class=\"has-text-align-center has-medium-font-size\"><strong><em>AN \u0218COLAR 2024-2025<\/em><\/strong><\/p>\n\n\n\n<p><strong><em>Perioada de \u00eenscriere \u00een clasa preg\u0103titoare 2024-2025 &#8211; 11 aprilie 2024-14 mai 2024<\/em><\/strong><\/p>\n\n\n\n<p><strong>\u21d2<\/strong><strong> Copiii care \u00eemplinesc v\u00e2rsta de 6 ani p\u00e2n\u0103 la 31 august 2024, inclusiv<\/strong><\/p>\n\n\n\n<p><strong>\u21d2<\/strong><strong>&nbsp;Copiii care \u00eemplinesc v\u00e2rsta de 6 ani \u00een perioada 1 septembrie \u2013<\/strong><\/p>\n\n\n\n<p><strong>31 decembrie 202<\/strong>4&nbsp;&#8211; &nbsp;<em><strong>\u00een baza recomand\u0103rii pentru \u00eenscrierea \u00een \u00eenv\u0103\u021b\u0103m\u00e2ntul primar<\/strong><\/em>*, eliberat\u0103 de unit\u0103\u021bile de \u00eenv\u0103\u021b\u0103m\u00e2nt de&nbsp;nivel pre\u0219colar sau,<strong>dac\u0103 nu au frecventat gr\u0103dini\u021ba**<\/strong>, \u00een baza evalu\u0103rii Centrului Jude\u0163ean de Resurse \u015fi Asisten\u0163\u0103 Educa\u0163ional\u0103(CJRAE).<\/p>\n\n\n\n<p><em><strong>P\u0103rintele\/reprezentantul legal completeaz\u0103 cererea-tip de \u00eenscriere <u>online pe platforma https:\/\/\u00eenscriere.edu.ro <\/u>sau <u>la sediul unit\u0103tii de \u00eenv\u0103\u0163\u0103m\u00e2nt, Str. Simeria nr. 5 Bra\u015fov.<\/u><\/strong><\/em><\/p>\n\n\n\n<p><em><strong>\u00cen ambele situa\u0163ii documentele doveditoare, copii \u015fi \u00een original trebuie prezentate la secretariatul unit\u0103\u0163ii pentru conformitate.<\/strong><\/em><\/p>\n\n\n\n<p><em><strong>Acte necesare:<\/strong><\/em><\/p>\n\n\n\n<p><em><strong>-c\u0103r\u0163ile de identitate ale p\u0103rin\u0163ilor<\/strong><\/em><\/p>\n\n\n\n<p><em><strong>-certificatul de na\u015ftere al copilului<\/strong><\/em><\/p>\n\n\n\n<p><em><strong>-recomandarea de \u00eenscriere \u00een clasa preg\u0103titoare eliberat\u0103 de gr\u0103dini\u0163\u0103 pentru copilul care \u00eempline\u015fte&nbsp; 6 ani dup\u0103 31 august 2023<\/strong><\/em><\/p>\n\n\n\n<p><em><strong>-documentul prin care CJRAE comunic\u0103 rezultatul pozitiv al evalu\u0103rii dezvolt\u0103rii psihosomatice a copilului \u00een cazul \u00een care \u00eempline\u015fte 6 ani dup\u0103 31 august 2023 \u015fi nu a frecventat gr\u0103dini\u0163a sau s-a \u00eentors din str\u0103in\u0103tate<\/strong><\/em><\/p>\n\n\n\n<p><em><strong>-sentin\u0163a de divor\u0163-dac\u0103 este cazul<\/strong><\/em><\/p>\n\n\n\n<p><strong><em> <\/em><\/strong>           <strong><em>Pentru anul \u0219colar 2024-2025 proiectul planului de \u0219colarizare pentru clasa preg\u0103titoare cuprinde 44 locuri \u2013 2 clase.<\/em><\/strong><\/p>\n\n\n\n<p><strong><em>&nbsp;&nbsp;&nbsp;&nbsp;&nbsp;&nbsp;&nbsp;&nbsp;&nbsp;&nbsp;&nbsp; Clasele preg\u0103titoare \u00ee\u0219i vor desf\u0103\u0219ura activitatea \u00een s\u0103li de clas\u0103 amenajate corespunz\u0103tor, curate \u0219i luminoase, dotate cu mobilier specific, laptopuri, table interactive \u0219i videoproiectoare.<\/em><\/strong><\/p>\n\n\n\n<p><strong><em>&nbsp;&nbsp;&nbsp;&nbsp;&nbsp;&nbsp;&nbsp;&nbsp;&nbsp;&nbsp;&nbsp; \u00cen data de 9 aprilie 2024 se organizeaz\u0103 \u201eZIUA POR\u021aILOR DESCHISE\u02ee&nbsp; &#8211; ora 16:30<\/em><\/strong><\/p>\n\n\n\n<p><strong><em>ZIUA POR\u021aILOR DESCHISE\u02ee&nbsp;<\/em><\/strong><\/p>\n\n\n\n<figure class=\"wp-block-image size-full\"><img loading=\"lazy\" width=\"720\" height=\"1019\" src=\"https:\/\/www.ctenergeticremusradulet.ro\/scoala\/wp-content\/uploads\/2024\/04\/Ziua_portilor_deschise.jpeg\" alt=\"\" class=\"wp-image-2554\" srcset=\"http:\/\/www.ctenergeticremusradulet.ro\/scoala\/wp-content\/uploads\/2024\/04\/Ziua_portilor_deschise.jpeg 720w, http:\/\/www.ctenergeticremusradulet.ro\/scoala\/wp-content\/uploads\/2024\/04\/Ziua_portilor_deschise-212x300.jpeg 212w\" sizes=\"(max-width: 720px) 100vw, 720px\" \/><\/figure>\n\n\n\n<p><strong><em>&nbsp;&nbsp;&nbsp;&nbsp;&nbsp;&nbsp;&nbsp;&nbsp;&nbsp;&nbsp;&nbsp; V\u0103 a\u0219tept\u0103m cu drag \u00een \u0219coala noastr\u0103 s\u0103 ne cunoa\u0219tem \u0219i ne dorim o colaborare bazat\u0103 pe \u00eencredere \u0219i respect reciproc!<\/em><\/strong><\/p>\n\n\n\n<p><strong><em>Acte \u00eenscriere clasa preg\u0103titoare 2024-2025<\/em><\/strong><\/p>\n\n\n\n<figure class=\"wp-block-image size-full\"><img loading=\"lazy\" width=\"720\" height=\"509\" src=\"https:\/\/www.ctenergeticremusradulet.ro\/scoala\/wp-content\/uploads\/2024\/04\/Acte_inscriere_clasa-pregatitoare-2024.jpeg\" alt=\"\" class=\"wp-image-2555\" srcset=\"http:\/\/www.ctenergeticremusradulet.ro\/scoala\/wp-content\/uploads\/2024\/04\/Acte_inscriere_clasa-pregatitoare-2024.jpeg 720w, http:\/\/www.ctenergeticremusradulet.ro\/scoala\/wp-content\/uploads\/2024\/04\/Acte_inscriere_clasa-pregatitoare-2024-300x212.jpeg 300w\" sizes=\"(max-width: 720px) 100vw, 720px\" \/><\/figure>\n\n\n\n<figure class=\"wp-block-image size-full\"><img loading=\"lazy\" width=\"720\" height=\"509\" src=\"https:\/\/www.ctenergeticremusradulet.ro\/scoala\/wp-content\/uploads\/2024\/04\/WhatsApp-Image-2024-04-06-at-16.05.43-1.jpeg\" alt=\"\" class=\"wp-image-2556\" srcset=\"http:\/\/www.ctenergeticremusradulet.ro\/scoala\/wp-content\/uploads\/2024\/04\/WhatsApp-Image-2024-04-06-at-16.05.43-1.jpeg 720w, http:\/\/www.ctenergeticremusradulet.ro\/scoala\/wp-content\/uploads\/2024\/04\/WhatsApp-Image-2024-04-06-at-16.05.43-1-300x212.jpeg 300w\" sizes=\"(max-width: 720px) 100vw, 720px\" \/><\/figure>\n\n\n\n<p><a href=\"https:\/\/www.cjraebrasov.ro\/files\/Centre%20evaluare%20an%202023-2024.pdf\">Centre de evaluare an \u0219colar 2024-2025<\/a><\/p>\n\n\n\n<p><a href=\"https:\/\/www.cjraebrasov.ro\/inscrierea-copiilor-in-invatamantul-primar-zg\" data-type=\"URL\" data-id=\"https:\/\/www.cjraebrasov.ro\/inscrierea-copiilor-in-invatamantul-primar-zg\" target=\"_blank\" rel=\"noreferrer noopener\">Nout\u0103\u021bi CJRAE BRA\u0218OV Inscriere clasa preg\u0103titoare 2024-2025<\/a><\/p>\n\n\n\n<p><a href=\"https:\/\/www.edupedu.ro\/calendar-inscriere-in-clasa-pregatitoare-2024-proiect-parintii-pot-depune-cereri-de-inscriere-la-scoala-din-11-aprilie\/\">CALENDAR INSCRIERE CLASA PREG\u0102TITOARE 2024-2025<\/a><\/p>\n\n\n\n<p><a href=\"https:\/\/www.edu.ro\/sites\/default\/files\/_fi%C8%99iere\/Legislatie\/2024\/OM_4019_2024.pdf\">Metodologie inscriere clasa preg\u0103titoare 2024-2025<\/a><\/p>\n\n\n\n<p><a href=\"http:\/\/isjbrasov.ro\/index.php\/inscrieri\/inscriere-inv-primar\/6475-amanarea-inscrierii-in-clasa-pregatitoare\">Am\u00e2narea \u00eenscrierii la clasa preg\u0103titoare 2024-2025<\/a><\/p>\n\n\n\n<p><a href=\"https:\/\/isjbrasov.ro\/images\/Inscriere_inv_primar\/2024\/Arondari_inscriere_primar_2024-2025_v1.pdf\">Arond\u0103ri str\u0103zi \u00eenscriere clasa preg\u0103titoare 2024-2025<\/a><\/p>\n\n\n\n<p><a href=\"https:\/\/isjbrasov.ro\/index.php\/inscrieri\/inscriere-inv-primar\">Informa\u021bii \u00eenscriere clasa preg\u0103titoare 2024-2025<\/a><\/p>\n\n\n\n<figure class=\"wp-block-gallery has-nested-images columns-default is-cropped\">\n<figure class=\"wp-block-image size-large\"><img loading=\"lazy\" width=\"1024\" height=\"683\" data-id=\"2169\"  src=\"https:\/\/www.ctenergeticremusradulet.ro\/scoala\/wp-content\/uploads\/2023\/03\/DSC_0002-1024x683.jpg\" alt=\"\" class=\"wp-image-2169\" srcset=\"http:\/\/www.ctenergeticremusradulet.ro\/scoala\/wp-content\/uploads\/2023\/03\/DSC_0002-1024x683.jpg 1024w, http:\/\/www.ctenergeticremusradulet.ro\/scoala\/wp-content\/uploads\/2023\/03\/DSC_0002-300x200.jpg 300w, http:\/\/www.ctenergeticremusradulet.ro\/scoala\/wp-content\/uploads\/2023\/03\/DSC_0002-768x512.jpg 768w, http:\/\/www.ctenergeticremusradulet.ro\/scoala\/wp-content\/uploads\/2023\/03\/DSC_0002-1536x1024.jpg 1536w, http:\/\/www.ctenergeticremusradulet.ro\/scoala\/wp-content\/uploads\/2023\/03\/DSC_0002-2048x1365.jpg 2048w, http:\/\/www.ctenergeticremusradulet.ro\/scoala\/wp-content\/uploads\/2023\/03\/DSC_0002-140x94.jpg 140w\" sizes=\"(max-width: 1024px) 100vw, 1024px\" \/><\/figure>\n\n\n\n<figure class=\"wp-block-image size-large\"><img loading=\"lazy\" width=\"1024\" height=\"683\" data-id=\"2171\"  src=\"https:\/\/www.ctenergeticremusradulet.ro\/scoala\/wp-content\/uploads\/2023\/03\/DSC_0003-1024x683.jpg\" alt=\"\" class=\"wp-image-2171\" srcset=\"http:\/\/www.ctenergeticremusradulet.ro\/scoala\/wp-content\/uploads\/2023\/03\/DSC_0003-1024x683.jpg 1024w, http:\/\/www.ctenergeticremusradulet.ro\/scoala\/wp-content\/uploads\/2023\/03\/DSC_0003-300x200.jpg 300w, http:\/\/www.ctenergeticremusradulet.ro\/scoala\/wp-content\/uploads\/2023\/03\/DSC_0003-768x512.jpg 768w, http:\/\/www.ctenergeticremusradulet.ro\/scoala\/wp-content\/uploads\/2023\/03\/DSC_0003-1536x1024.jpg 1536w, http:\/\/www.ctenergeticremusradulet.ro\/scoala\/wp-content\/uploads\/2023\/03\/DSC_0003-2048x1365.jpg 2048w, http:\/\/www.ctenergeticremusradulet.ro\/scoala\/wp-content\/uploads\/2023\/03\/DSC_0003-140x94.jpg 140w\" sizes=\"(max-width: 1024px) 100vw, 1024px\" \/><\/figure>\n\n\n\n<figure class=\"wp-block-image size-large\"><img loading=\"lazy\" width=\"1024\" height=\"683\" data-id=\"2166\"  src=\"https:\/\/www.ctenergeticremusradulet.ro\/scoala\/wp-content\/uploads\/2023\/03\/DSC_0004-1024x683.jpg\" alt=\"\" class=\"wp-image-2166\" srcset=\"http:\/\/www.ctenergeticremusradulet.ro\/scoala\/wp-content\/uploads\/2023\/03\/DSC_0004-1024x683.jpg 1024w, http:\/\/www.ctenergeticremusradulet.ro\/scoala\/wp-content\/uploads\/2023\/03\/DSC_0004-300x200.jpg 300w, http:\/\/www.ctenergeticremusradulet.ro\/scoala\/wp-content\/uploads\/2023\/03\/DSC_0004-768x512.jpg 768w, http:\/\/www.ctenergeticremusradulet.ro\/scoala\/wp-content\/uploads\/2023\/03\/DSC_0004-1536x1024.jpg 1536w, http:\/\/www.ctenergeticremusradulet.ro\/scoala\/wp-content\/uploads\/2023\/03\/DSC_0004-2048x1365.jpg 2048w, http:\/\/www.ctenergeticremusradulet.ro\/scoala\/wp-content\/uploads\/2023\/03\/DSC_0004-140x94.jpg 140w\" sizes=\"(max-width: 1024px) 100vw, 1024px\" \/><\/figure>\n\n\n\n<figure class=\"wp-block-image size-large\"><img loading=\"lazy\" width=\"1024\" height=\"683\" data-id=\"2167\"  src=\"https:\/\/www.ctenergeticremusradulet.ro\/scoala\/wp-content\/uploads\/2023\/03\/DSC_0005-1024x683.jpg\" alt=\"\" class=\"wp-image-2167\" srcset=\"http:\/\/www.ctenergeticremusradulet.ro\/scoala\/wp-content\/uploads\/2023\/03\/DSC_0005-1024x683.jpg 1024w, http:\/\/www.ctenergeticremusradulet.ro\/scoala\/wp-content\/uploads\/2023\/03\/DSC_0005-300x200.jpg 300w, http:\/\/www.ctenergeticremusradulet.ro\/scoala\/wp-content\/uploads\/2023\/03\/DSC_0005-768x512.jpg 768w, http:\/\/www.ctenergeticremusradulet.ro\/scoala\/wp-content\/uploads\/2023\/03\/DSC_0005-1536x1024.jpg 1536w, http:\/\/www.ctenergeticremusradulet.ro\/scoala\/wp-content\/uploads\/2023\/03\/DSC_0005-2048x1365.jpg 2048w, http:\/\/www.ctenergeticremusradulet.ro\/scoala\/wp-content\/uploads\/2023\/03\/DSC_0005-140x94.jpg 140w\" sizes=\"(max-width: 1024px) 100vw, 1024px\" \/><\/figure>\n\n\n\n<figure class=\"wp-block-image size-large\"><img loading=\"lazy\" width=\"1024\" height=\"683\" data-id=\"2168\"  src=\"https:\/\/www.ctenergeticremusradulet.ro\/scoala\/wp-content\/uploads\/2023\/03\/DSC_0006-1024x683.jpg\" alt=\"\" class=\"wp-image-2168\" srcset=\"http:\/\/www.ctenergeticremusradulet.ro\/scoala\/wp-content\/uploads\/2023\/03\/DSC_0006-1024x683.jpg 1024w, http:\/\/www.ctenergeticremusradulet.ro\/scoala\/wp-content\/uploads\/2023\/03\/DSC_0006-300x200.jpg 300w, http:\/\/www.ctenergeticremusradulet.ro\/scoala\/wp-content\/uploads\/2023\/03\/DSC_0006-768x512.jpg 768w, http:\/\/www.ctenergeticremusradulet.ro\/scoala\/wp-content\/uploads\/2023\/03\/DSC_0006-1536x1024.jpg 1536w, http:\/\/www.ctenergeticremusradulet.ro\/scoala\/wp-content\/uploads\/2023\/03\/DSC_0006-2048x1365.jpg 2048w, http:\/\/www.ctenergeticremusradulet.ro\/scoala\/wp-content\/uploads\/2023\/03\/DSC_0006-140x94.jpg 140w\" sizes=\"(max-width: 1024px) 100vw, 1024px\" \/><\/figure>\n\n\n\n<figure class=\"wp-block-image size-large\"><img loading=\"lazy\" width=\"1024\" height=\"683\" data-id=\"2170\"  src=\"https:\/\/www.ctenergeticremusradulet.ro\/scoala\/wp-content\/uploads\/2023\/03\/DSC_0007-1024x683.jpg\" alt=\"\" class=\"wp-image-2170\" srcset=\"http:\/\/www.ctenergeticremusradulet.ro\/scoala\/wp-content\/uploads\/2023\/03\/DSC_0007-1024x683.jpg 1024w, http:\/\/www.ctenergeticremusradulet.ro\/scoala\/wp-content\/uploads\/2023\/03\/DSC_0007-300x200.jpg 300w, http:\/\/www.ctenergeticremusradulet.ro\/scoala\/wp-content\/uploads\/2023\/03\/DSC_0007-768x512.jpg 768w, http:\/\/www.ctenergeticremusradulet.ro\/scoala\/wp-content\/uploads\/2023\/03\/DSC_0007-1536x1024.jpg 1536w, http:\/\/www.ctenergeticremusradulet.ro\/scoala\/wp-content\/uploads\/2023\/03\/DSC_0007-2048x1365.jpg 2048w, http:\/\/www.ctenergeticremusradulet.ro\/scoala\/wp-content\/uploads\/2023\/03\/DSC_0007-140x94.jpg 140w\" sizes=\"(max-width: 1024px) 100vw, 1024px\" \/><\/figure>\n\n\n\n<figure class=\"wp-block-image size-large\"><img loading=\"lazy\" width=\"1024\" height=\"683\" data-id=\"2175\"  src=\"https:\/\/www.ctenergeticremusradulet.ro\/scoala\/wp-content\/uploads\/2023\/03\/DSC_0008-1024x683.jpg\" alt=\"\" class=\"wp-image-2175\" srcset=\"http:\/\/www.ctenergeticremusradulet.ro\/scoala\/wp-content\/uploads\/2023\/03\/DSC_0008-1024x683.jpg 1024w, http:\/\/www.ctenergeticremusradulet.ro\/scoala\/wp-content\/uploads\/2023\/03\/DSC_0008-300x200.jpg 300w, http:\/\/www.ctenergeticremusradulet.ro\/scoala\/wp-content\/uploads\/2023\/03\/DSC_0008-768x512.jpg 768w, http:\/\/www.ctenergeticremusradulet.ro\/scoala\/wp-content\/uploads\/2023\/03\/DSC_0008-1536x1024.jpg 1536w, http:\/\/www.ctenergeticremusradulet.ro\/scoala\/wp-content\/uploads\/2023\/03\/DSC_0008-2048x1365.jpg 2048w, http:\/\/www.ctenergeticremusradulet.ro\/scoala\/wp-content\/uploads\/2023\/03\/DSC_0008-140x94.jpg 140w\" sizes=\"(max-width: 1024px) 100vw, 1024px\" \/><\/figure>\n\n\n\n<figure class=\"wp-block-image size-large\"><img loading=\"lazy\" width=\"1024\" height=\"683\" data-id=\"2177\"  src=\"https:\/\/www.ctenergeticremusradulet.ro\/scoala\/wp-content\/uploads\/2023\/03\/DSC_0009-1024x683.jpg\" alt=\"\" class=\"wp-image-2177\" srcset=\"http:\/\/www.ctenergeticremusradulet.ro\/scoala\/wp-content\/uploads\/2023\/03\/DSC_0009-1024x683.jpg 1024w, http:\/\/www.ctenergeticremusradulet.ro\/scoala\/wp-content\/uploads\/2023\/03\/DSC_0009-300x200.jpg 300w, http:\/\/www.ctenergeticremusradulet.ro\/scoala\/wp-content\/uploads\/2023\/03\/DSC_0009-768x512.jpg 768w, http:\/\/www.ctenergeticremusradulet.ro\/scoala\/wp-content\/uploads\/2023\/03\/DSC_0009-1536x1024.jpg 1536w, http:\/\/www.ctenergeticremusradulet.ro\/scoala\/wp-content\/uploads\/2023\/03\/DSC_0009-2048x1365.jpg 2048w, http:\/\/www.ctenergeticremusradulet.ro\/scoala\/wp-content\/uploads\/2023\/03\/DSC_0009-140x94.jpg 140w\" sizes=\"(max-width: 1024px) 100vw, 1024px\" \/><\/figure>\n\n\n\n<figure class=\"wp-block-image size-large\"><img loading=\"lazy\" width=\"1024\" height=\"683\" data-id=\"2174\"  src=\"https:\/\/www.ctenergeticremusradulet.ro\/scoala\/wp-content\/uploads\/2023\/03\/DSC_0010-1024x683.jpg\" alt=\"\" class=\"wp-image-2174\" srcset=\"http:\/\/www.ctenergeticremusradulet.ro\/scoala\/wp-content\/uploads\/2023\/03\/DSC_0010-1024x683.jpg 1024w, http:\/\/www.ctenergeticremusradulet.ro\/scoala\/wp-content\/uploads\/2023\/03\/DSC_0010-300x200.jpg 300w, http:\/\/www.ctenergeticremusradulet.ro\/scoala\/wp-content\/uploads\/2023\/03\/DSC_0010-768x512.jpg 768w, http:\/\/www.ctenergeticremusradulet.ro\/scoala\/wp-content\/uploads\/2023\/03\/DSC_0010-1536x1024.jpg 1536w, http:\/\/www.ctenergeticremusradulet.ro\/scoala\/wp-content\/uploads\/2023\/03\/DSC_0010-2048x1365.jpg 2048w, http:\/\/www.ctenergeticremusradulet.ro\/scoala\/wp-content\/uploads\/2023\/03\/DSC_0010-140x94.jpg 140w\" sizes=\"(max-width: 1024px) 100vw, 1024px\" \/><\/figure>\n\n\n\n<figure class=\"wp-block-image size-large\"><img loading=\"lazy\" width=\"1024\" height=\"683\" data-id=\"2173\"  src=\"https:\/\/www.ctenergeticremusradulet.ro\/scoala\/wp-content\/uploads\/2023\/03\/DSC_0011-1024x683.jpg\" alt=\"\" class=\"wp-image-2173\" srcset=\"http:\/\/www.ctenergeticremusradulet.ro\/scoala\/wp-content\/uploads\/2023\/03\/DSC_0011-1024x683.jpg 1024w, http:\/\/www.ctenergeticremusradulet.ro\/scoala\/wp-content\/uploads\/2023\/03\/DSC_0011-300x200.jpg 300w, http:\/\/www.ctenergeticremusradulet.ro\/scoala\/wp-content\/uploads\/2023\/03\/DSC_0011-768x512.jpg 768w, http:\/\/www.ctenergeticremusradulet.ro\/scoala\/wp-content\/uploads\/2023\/03\/DSC_0011-1536x1024.jpg 1536w, http:\/\/www.ctenergeticremusradulet.ro\/scoala\/wp-content\/uploads\/2023\/03\/DSC_0011-2048x1365.jpg 2048w, http:\/\/www.ctenergeticremusradulet.ro\/scoala\/wp-content\/uploads\/2023\/03\/DSC_0011-140x94.jpg 140w\" sizes=\"(max-width: 1024px) 100vw, 1024px\" \/><\/figure>\n\n\n\n<figure class=\"wp-block-image size-large\"><img loading=\"lazy\" width=\"1024\" height=\"683\" data-id=\"2172\"  src=\"https:\/\/www.ctenergeticremusradulet.ro\/scoala\/wp-content\/uploads\/2023\/03\/DSC_0012-1024x683.jpg\" alt=\"\" class=\"wp-image-2172\" srcset=\"http:\/\/www.ctenergeticremusradulet.ro\/scoala\/wp-content\/uploads\/2023\/03\/DSC_0012-1024x683.jpg 1024w, http:\/\/www.ctenergeticremusradulet.ro\/scoala\/wp-content\/uploads\/2023\/03\/DSC_0012-300x200.jpg 300w, http:\/\/www.ctenergeticremusradulet.ro\/scoala\/wp-content\/uploads\/2023\/03\/DSC_0012-768x512.jpg 768w, http:\/\/www.ctenergeticremusradulet.ro\/scoala\/wp-content\/uploads\/2023\/03\/DSC_0012-1536x1024.jpg 1536w, http:\/\/www.ctenergeticremusradulet.ro\/scoala\/wp-content\/uploads\/2023\/03\/DSC_0012-2048x1365.jpg 2048w, http:\/\/www.ctenergeticremusradulet.ro\/scoala\/wp-content\/uploads\/2023\/03\/DSC_0012-140x94.jpg 140w\" sizes=\"(max-width: 1024px) 100vw, 1024px\" \/><\/figure>\n\n\n\n<figure class=\"wp-block-image size-large\"><img loading=\"lazy\" width=\"1024\" height=\"683\" data-id=\"2176\"  src=\"https:\/\/www.ctenergeticremusradulet.ro\/scoala\/wp-content\/uploads\/2023\/03\/DSC_0013-1024x683.jpg\" alt=\"\" class=\"wp-image-2176\" srcset=\"http:\/\/www.ctenergeticremusradulet.ro\/scoala\/wp-content\/uploads\/2023\/03\/DSC_0013-1024x683.jpg 1024w, http:\/\/www.ctenergeticremusradulet.ro\/scoala\/wp-content\/uploads\/2023\/03\/DSC_0013-300x200.jpg 300w, http:\/\/www.ctenergeticremusradulet.ro\/scoala\/wp-content\/uploads\/2023\/03\/DSC_0013-768x512.jpg 768w, http:\/\/www.ctenergeticremusradulet.ro\/scoala\/wp-content\/uploads\/2023\/03\/DSC_0013-1536x1024.jpg 1536w, http:\/\/www.ctenergeticremusradulet.ro\/scoala\/wp-content\/uploads\/2023\/03\/DSC_0013-2048x1365.jpg 2048w, http:\/\/www.ctenergeticremusradulet.ro\/scoala\/wp-content\/uploads\/2023\/03\/DSC_0013-140x94.jpg 140w\" sizes=\"(max-width: 1024px) 100vw, 1024px\" \/><\/figure>\n\n\n\n<figure class=\"wp-block-image size-large\"><img loading=\"lazy\" width=\"1024\" height=\"683\" data-id=\"2179\"  src=\"https:\/\/www.ctenergeticremusradulet.ro\/scoala\/wp-content\/uploads\/2023\/03\/DSC_0014-1024x683.jpg\" alt=\"\" class=\"wp-image-2179\" srcset=\"http:\/\/www.ctenergeticremusradulet.ro\/scoala\/wp-content\/uploads\/2023\/03\/DSC_0014-1024x683.jpg 1024w, http:\/\/www.ctenergeticremusradulet.ro\/scoala\/wp-content\/uploads\/2023\/03\/DSC_0014-300x200.jpg 300w, http:\/\/www.ctenergeticremusradulet.ro\/scoala\/wp-content\/uploads\/2023\/03\/DSC_0014-768x512.jpg 768w, http:\/\/www.ctenergeticremusradulet.ro\/scoala\/wp-content\/uploads\/2023\/03\/DSC_0014-1536x1024.jpg 1536w, http:\/\/www.ctenergeticremusradulet.ro\/scoala\/wp-content\/uploads\/2023\/03\/DSC_0014-2048x1365.jpg 2048w, http:\/\/www.ctenergeticremusradulet.ro\/scoala\/wp-content\/uploads\/2023\/03\/DSC_0014-140x94.jpg 140w\" sizes=\"(max-width: 1024px) 100vw, 1024px\" \/><\/figure>\n\n\n\n<figure class=\"wp-block-image size-large\"><img loading=\"lazy\" width=\"1024\" height=\"683\" data-id=\"2180\"  src=\"https:\/\/www.ctenergeticremusradulet.ro\/scoala\/wp-content\/uploads\/2023\/03\/DSC_0015-1024x683.jpg\" alt=\"\" class=\"wp-image-2180\" srcset=\"http:\/\/www.ctenergeticremusradulet.ro\/scoala\/wp-content\/uploads\/2023\/03\/DSC_0015-1024x683.jpg 1024w, http:\/\/www.ctenergeticremusradulet.ro\/scoala\/wp-content\/uploads\/2023\/03\/DSC_0015-300x200.jpg 300w, http:\/\/www.ctenergeticremusradulet.ro\/scoala\/wp-content\/uploads\/2023\/03\/DSC_0015-768x512.jpg 768w, http:\/\/www.ctenergeticremusradulet.ro\/scoala\/wp-content\/uploads\/2023\/03\/DSC_0015-1536x1024.jpg 1536w, http:\/\/www.ctenergeticremusradulet.ro\/scoala\/wp-content\/uploads\/2023\/03\/DSC_0015-2048x1365.jpg 2048w, http:\/\/www.ctenergeticremusradulet.ro\/scoala\/wp-content\/uploads\/2023\/03\/DSC_0015-140x94.jpg 140w\" sizes=\"(max-width: 1024px) 100vw, 1024px\" \/><\/figure>\n\n\n\n<figure class=\"wp-block-image size-large\"><img loading=\"lazy\" width=\"1024\" height=\"683\" data-id=\"2181\"  src=\"https:\/\/www.ctenergeticremusradulet.ro\/scoala\/wp-content\/uploads\/2023\/03\/DSC_0016-1024x683.jpg\" alt=\"\" class=\"wp-image-2181\" srcset=\"http:\/\/www.ctenergeticremusradulet.ro\/scoala\/wp-content\/uploads\/2023\/03\/DSC_0016-1024x683.jpg 1024w, http:\/\/www.ctenergeticremusradulet.ro\/scoala\/wp-content\/uploads\/2023\/03\/DSC_0016-300x200.jpg 300w, http:\/\/www.ctenergeticremusradulet.ro\/scoala\/wp-content\/uploads\/2023\/03\/DSC_0016-768x512.jpg 768w, http:\/\/www.ctenergeticremusradulet.ro\/scoala\/wp-content\/uploads\/2023\/03\/DSC_0016-1536x1024.jpg 1536w, http:\/\/www.ctenergeticremusradulet.ro\/scoala\/wp-content\/uploads\/2023\/03\/DSC_0016-2048x1365.jpg 2048w, http:\/\/www.ctenergeticremusradulet.ro\/scoala\/wp-content\/uploads\/2023\/03\/DSC_0016-140x94.jpg 140w\" sizes=\"(max-width: 1024px) 100vw, 1024px\" \/><\/figure>\n<\/figure>\n\n\n\n<p>#39 POVE\u0218TI DESENATE PE PERE\u021aI<\/p>\n\n\n\n<div class=\"wp-block-file\"><object class=\"wp-block-file__embed\" data=\"https:\/\/www.ctenergeticremusradulet.ro\/scoala\/wp-content\/uploads\/2024\/01\/39-POVESTI-DESENATE-PE-PERETI.pdf\" type=\"application\/pdf\" style=\"width:100%;height:600px\" aria-label=\"Embed of 39-POVESTI-DESENATE-PE-PERETI.\"><\/object><a id=\"wp-block-file--media-381770e4-9ba5-4b4b-9a3b-6d1be3367c1c\" href=\"https:\/\/www.ctenergeticremusradulet.ro\/scoala\/wp-content\/uploads\/2024\/01\/39-POVESTI-DESENATE-PE-PERETI.pdf\">39-POVESTI-DESENATE-PE-PERETI<\/a><a href=\"https:\/\/www.ctenergeticremusradulet.ro\/scoala\/wp-content\/uploads\/2024\/01\/39-POVESTI-DESENATE-PE-PERETI.pdf\" class=\"wp-block-file__button\" download aria-describedby=\"wp-block-file--media-381770e4-9ba5-4b4b-9a3b-6d1be3367c1c\">Download<\/a><\/div>\n\n\n\n<p class=\"has-text-align-center has-medium-font-size\"><strong><em>DESCHIDERE AN \u0218COLAR 2023-2024<\/em><\/strong><\/p>\n\n\n\n<p><\/p>\n\n\n\n<div class=\"wp-block-image\"><figure class=\"aligncenter size-full\"><img loading=\"lazy\" width=\"724\" height=\"1024\" src=\"https:\/\/www.ctenergeticremusradulet.ro\/scoala\/wp-content\/uploads\/2023\/09\/WhatsApp-Image-2023-09-07-at-15.50.28-1.jpeg\" alt=\"\" class=\"wp-image-2527\" srcset=\"http:\/\/www.ctenergeticremusradulet.ro\/scoala\/wp-content\/uploads\/2023\/09\/WhatsApp-Image-2023-09-07-at-15.50.28-1.jpeg 724w, http:\/\/www.ctenergeticremusradulet.ro\/scoala\/wp-content\/uploads\/2023\/09\/WhatsApp-Image-2023-09-07-at-15.50.28-1-212x300.jpeg 212w\" sizes=\"(max-width: 724px) 100vw, 724px\" \/><\/figure><\/div>\n\n\n\n<p class=\"has-text-align-center has-medium-font-size\"><strong>&nbsp;&nbsp;&nbsp;&nbsp;&nbsp;&nbsp;&nbsp;&nbsp;<em>&nbsp;<\/em><\/strong><\/p>\n\n\n\n<p class=\"has-text-align-center has-medium-font-size\"><strong><em>&nbsp;\u00ceNSCRIERE \u00ceN CLASA PREG\u0102TITOARE <\/em><\/strong><\/p>\n\n\n\n<p class=\"has-text-align-center has-medium-font-size\"><strong><em>AN <\/em><\/strong><em><strong>\u0218COLAR 2023-202<\/strong>4<\/em><\/p>\n\n\n\n<p><strong><em>Perioada de \u00eenscriere \u00een clasa preg\u0103titoare 2023-2024 &#8211; 3-18 mai 2023<\/em><\/strong><\/p>\n\n\n\n<p><strong>\u21d2<\/strong><strong> Copiii care \u00eemplinesc v\u00e2rsta de 6 ani p\u00e2n\u0103 la 31 august 2023, inclusiv<\/strong><\/p>\n\n\n\n<p><strong>\u21d2<\/strong><strong>&nbsp;Copiii care \u00eemplinesc v\u00e2rsta de 6 ani \u00een perioada 1 septembrie \u2013<\/strong><\/p>\n\n\n\n<p><strong>31 decembrie 2023<\/strong>&nbsp;&#8211; &nbsp;<em><strong>\u00een baza recomand\u0103rii pentru \u00eenscrierea \u00een \u00eenv\u0103\u021b\u0103m\u00e2ntul primar<\/strong><\/em>*, eliberat\u0103 de unit\u0103\u021bile de \u00eenv\u0103\u021b\u0103m\u00e2nt de&nbsp;nivel pre\u0219colar sau,<strong>dac\u0103 nu au frecventat gr\u0103dini\u021ba**<\/strong>, \u00een baza evalu\u0103rii Centrului Jude\u0163ean de Resurse \u015fi Asisten\u0163\u0103 Educa\u0163ional\u0103(CJRAE).<\/p>\n\n\n\n<p><em><strong>P\u0103rintele\/reprezentantul legal completeaz\u0103 cererea-tip de \u00eenscriere <u>online pe platforma https:\/\/\u00eenscriere.edu.ro <\/u>sau <u>la sediul unit\u0103tii de \u00eenv\u0103\u0163\u0103m\u00e2nt, Str. Simeria nr. 5 Bra\u015fov.<\/u><\/strong><\/em><\/p>\n\n\n\n<p><em><strong>\u00cen ambele situa\u0163ii documentele doveditoare, copii \u015fi \u00een original trebuie prezentate la secretariatul unit\u0103\u0163ii pentru conformitate.<\/strong><\/em><\/p>\n\n\n\n<p><em><strong>Acte necesare:<\/strong><\/em><\/p>\n\n\n\n<p><em><strong>-c\u0103r\u0163ile de identitate ale p\u0103rin\u0163ilor<\/strong><\/em><\/p>\n\n\n\n<p><em><strong>-certificatul de na\u015ftere al copilului<\/strong><\/em><\/p>\n\n\n\n<p><em><strong>-recomandarea de \u00eenscriere \u00een clasa preg\u0103titoare eliberat\u0103 de gr\u0103dini\u0163\u0103 pentru copilul care \u00eempline\u015fte&nbsp; 6 ani dup\u0103 31 august 2023<\/strong><\/em><\/p>\n\n\n\n<p><em><strong>-documentul prin care CJRAE comunic\u0103 rezultatul pozitiv al evalu\u0103rii dezvolt\u0103rii psihosomatice a copilului \u00een cazul \u00een care \u00eempline\u015fte 6 ani dup\u0103 31 august 2023 \u015fi nu a frecventat gr\u0103dini\u0163a sau s-a \u00eentors din str\u0103in\u0103tate<\/strong><\/em><\/p>\n\n\n\n<p><em><strong>-sentin\u0163a de divor\u0163-dac\u0103 este cazul<\/strong><\/em><\/p>\n\n\n\n<p><strong><em> <\/em><\/strong>           <strong><em>Pentru anul \u0219colar 2023-2024 proiectul planului de \u0219colarizare pentru clasa preg\u0103titoare cuprinde 44 locuri \u2013 2 clase.<\/em><\/strong><\/p>\n\n\n\n<p><strong><em>&nbsp;&nbsp;&nbsp;&nbsp;&nbsp;&nbsp;&nbsp;&nbsp;&nbsp;&nbsp;&nbsp; Clasele preg\u0103titoare \u00ee\u0219i vor desf\u0103\u0219ura activitatea \u00een s\u0103li de clas\u0103 amenajate corespunz\u0103tor, curate \u0219i luminoase, dotate cu mobilier specific, laptopuri, table interactive \u0219i videoproiectoare.<\/em><\/strong><\/p>\n\n\n\n<p><strong><em>&nbsp;&nbsp;&nbsp;&nbsp;&nbsp;&nbsp;&nbsp;&nbsp;&nbsp;&nbsp;&nbsp; \u00cen data de 27 aprilie 2023 se organizeaz\u0103 \u201eZIUA POR\u021aILOR DESCHISE\u02ee&nbsp; &#8211; ora 16:00<\/em><\/strong><\/p>\n\n\n\n<p><strong><em>&nbsp;&nbsp;&nbsp;&nbsp;&nbsp;&nbsp;&nbsp;&nbsp;&nbsp;&nbsp;&nbsp; V\u0103 a\u0219tept\u0103m cu drag \u00een \u0219coala noastr\u0103 s\u0103 ne cunoa\u0219tem \u0219i ne dorim o colaborare bazat\u0103 pe \u00eencredere \u0219i respect reciproc!<\/em><\/strong><\/p>\n\n\n\n<div class=\"wp-block-file\"><object class=\"wp-block-file__embed\" data=\"https:\/\/www.ctenergeticremusradulet.ro\/scoala\/wp-content\/uploads\/2023\/04\/CERERE-TIP_CLS_PRG_2023_ETAPA_I.pdf\" type=\"application\/pdf\" style=\"width:100%;height:600px\" aria-label=\"Embed of CERERE-TIP_CLS_PRG_2023_ETAPA_I.\"><\/object><a id=\"wp-block-file--media-4554ec29-b7ec-4778-8274-a26e69ffc705\" href=\"https:\/\/www.ctenergeticremusradulet.ro\/scoala\/wp-content\/uploads\/2023\/04\/CERERE-TIP_CLS_PRG_2023_ETAPA_I.pdf\">CERERE-TIP_CLS_PRG_2023_ETAPA_I<\/a><a href=\"https:\/\/www.ctenergeticremusradulet.ro\/scoala\/wp-content\/uploads\/2023\/04\/CERERE-TIP_CLS_PRG_2023_ETAPA_I.pdf\" class=\"wp-block-file__button\" download aria-describedby=\"wp-block-file--media-4554ec29-b7ec-4778-8274-a26e69ffc705\">Download<\/a><\/div>\n\n\n\n<p><a href=\"https:\/\/edu.ro\/sites\/default\/files\/_fi%C8%99iere\/Legislatie\/2023\/OM_3704_2023_calendar_inscriere_primar.pdf\">CALENDAR INSCRIERE CLASA PREG\u0102TITOARE 2023-2024<\/a><\/p>\n\n\n\n<p><a href=\"https:\/\/www.edu.ro\/sites\/default\/files\/_fi%C8%99iere\/Minister\/2022\/inv.%20preuniversitar\/note_proceduri\/Ordin_2022_metodologie_calendar_pregatitoare.pdf\">Metodologie inscriere clasa preg\u0103titoare 2023-2024<\/a><\/p>\n\n\n\n<p><a href=\"https:\/\/www.isjbrasov.ro\/index.php\/inscrieri\/inscriere-inv-primar\/6080-amanarea-inscrierii-inv-primar\">Am\u00e2narea \u00eenscrierii \u00een \u00eenv\u0103\u021b\u0103m\u00e2ntul primar 2023-2024<\/a><\/p>\n\n\n\n<p><a href=\"https:\/\/www.isjbrasov.ro\/images\/Inscriere_inv_primar\/2023\/Arondari_inscriere_primar_2023-2024_v2.pdf\">Arond\u0103ri str\u0103zi \u00eenscriere clasa preg\u0103titoare 2023-2024<\/a><\/p>\n\n\n\n<p><a href=\"https:\/\/www.isjbrasov.ro\/index.php\/inscrieri\/inscriere-inv-primar\">Informa\u021bii \u00eenscriere clasa preg\u0103titoare 2023-2024<\/a><\/p>\n\n\n\n<figure class=\"wp-block-gallery has-nested-images columns-default is-cropped\">\n<figure class=\"wp-block-image size-large\"><img loading=\"lazy\" width=\"1024\" height=\"683\" data-id=\"2169\"  src=\"https:\/\/www.ctenergeticremusradulet.ro\/scoala\/wp-content\/uploads\/2023\/03\/DSC_0002-1024x683.jpg\" alt=\"\" class=\"wp-image-2169\" srcset=\"http:\/\/www.ctenergeticremusradulet.ro\/scoala\/wp-content\/uploads\/2023\/03\/DSC_0002-1024x683.jpg 1024w, http:\/\/www.ctenergeticremusradulet.ro\/scoala\/wp-content\/uploads\/2023\/03\/DSC_0002-300x200.jpg 300w, http:\/\/www.ctenergeticremusradulet.ro\/scoala\/wp-content\/uploads\/2023\/03\/DSC_0002-768x512.jpg 768w, http:\/\/www.ctenergeticremusradulet.ro\/scoala\/wp-content\/uploads\/2023\/03\/DSC_0002-1536x1024.jpg 1536w, http:\/\/www.ctenergeticremusradulet.ro\/scoala\/wp-content\/uploads\/2023\/03\/DSC_0002-2048x1365.jpg 2048w, http:\/\/www.ctenergeticremusradulet.ro\/scoala\/wp-content\/uploads\/2023\/03\/DSC_0002-140x94.jpg 140w\" sizes=\"(max-width: 1024px) 100vw, 1024px\" \/><\/figure>\n\n\n\n<figure class=\"wp-block-image size-large\"><img loading=\"lazy\" width=\"1024\" height=\"683\" data-id=\"2171\"  src=\"https:\/\/www.ctenergeticremusradulet.ro\/scoala\/wp-content\/uploads\/2023\/03\/DSC_0003-1024x683.jpg\" alt=\"\" class=\"wp-image-2171\" srcset=\"http:\/\/www.ctenergeticremusradulet.ro\/scoala\/wp-content\/uploads\/2023\/03\/DSC_0003-1024x683.jpg 1024w, http:\/\/www.ctenergeticremusradulet.ro\/scoala\/wp-content\/uploads\/2023\/03\/DSC_0003-300x200.jpg 300w, http:\/\/www.ctenergeticremusradulet.ro\/scoala\/wp-content\/uploads\/2023\/03\/DSC_0003-768x512.jpg 768w, http:\/\/www.ctenergeticremusradulet.ro\/scoala\/wp-content\/uploads\/2023\/03\/DSC_0003-1536x1024.jpg 1536w, http:\/\/www.ctenergeticremusradulet.ro\/scoala\/wp-content\/uploads\/2023\/03\/DSC_0003-2048x1365.jpg 2048w, http:\/\/www.ctenergeticremusradulet.ro\/scoala\/wp-content\/uploads\/2023\/03\/DSC_0003-140x94.jpg 140w\" sizes=\"(max-width: 1024px) 100vw, 1024px\" \/><\/figure>\n\n\n\n<figure class=\"wp-block-image size-large\"><img loading=\"lazy\" width=\"1024\" height=\"683\" data-id=\"2166\"  src=\"https:\/\/www.ctenergeticremusradulet.ro\/scoala\/wp-content\/uploads\/2023\/03\/DSC_0004-1024x683.jpg\" alt=\"\" class=\"wp-image-2166\" srcset=\"http:\/\/www.ctenergeticremusradulet.ro\/scoala\/wp-content\/uploads\/2023\/03\/DSC_0004-1024x683.jpg 1024w, http:\/\/www.ctenergeticremusradulet.ro\/scoala\/wp-content\/uploads\/2023\/03\/DSC_0004-300x200.jpg 300w, http:\/\/www.ctenergeticremusradulet.ro\/scoala\/wp-content\/uploads\/2023\/03\/DSC_0004-768x512.jpg 768w, http:\/\/www.ctenergeticremusradulet.ro\/scoala\/wp-content\/uploads\/2023\/03\/DSC_0004-1536x1024.jpg 1536w, http:\/\/www.ctenergeticremusradulet.ro\/scoala\/wp-content\/uploads\/2023\/03\/DSC_0004-2048x1365.jpg 2048w, http:\/\/www.ctenergeticremusradulet.ro\/scoala\/wp-content\/uploads\/2023\/03\/DSC_0004-140x94.jpg 140w\" sizes=\"(max-width: 1024px) 100vw, 1024px\" \/><\/figure>\n\n\n\n<figure class=\"wp-block-image size-large\"><img loading=\"lazy\" width=\"1024\" height=\"683\" data-id=\"2167\"  src=\"https:\/\/www.ctenergeticremusradulet.ro\/scoala\/wp-content\/uploads\/2023\/03\/DSC_0005-1024x683.jpg\" alt=\"\" class=\"wp-image-2167\" srcset=\"http:\/\/www.ctenergeticremusradulet.ro\/scoala\/wp-content\/uploads\/2023\/03\/DSC_0005-1024x683.jpg 1024w, http:\/\/www.ctenergeticremusradulet.ro\/scoala\/wp-content\/uploads\/2023\/03\/DSC_0005-300x200.jpg 300w, http:\/\/www.ctenergeticremusradulet.ro\/scoala\/wp-content\/uploads\/2023\/03\/DSC_0005-768x512.jpg 768w, http:\/\/www.ctenergeticremusradulet.ro\/scoala\/wp-content\/uploads\/2023\/03\/DSC_0005-1536x1024.jpg 1536w, http:\/\/www.ctenergeticremusradulet.ro\/scoala\/wp-content\/uploads\/2023\/03\/DSC_0005-2048x1365.jpg 2048w, http:\/\/www.ctenergeticremusradulet.ro\/scoala\/wp-content\/uploads\/2023\/03\/DSC_0005-140x94.jpg 140w\" sizes=\"(max-width: 1024px) 100vw, 1024px\" \/><\/figure>\n\n\n\n<figure class=\"wp-block-image size-large\"><img loading=\"lazy\" width=\"1024\" height=\"683\" data-id=\"2168\"  src=\"https:\/\/www.ctenergeticremusradulet.ro\/scoala\/wp-content\/uploads\/2023\/03\/DSC_0006-1024x683.jpg\" alt=\"\" class=\"wp-image-2168\" srcset=\"http:\/\/www.ctenergeticremusradulet.ro\/scoala\/wp-content\/uploads\/2023\/03\/DSC_0006-1024x683.jpg 1024w, http:\/\/www.ctenergeticremusradulet.ro\/scoala\/wp-content\/uploads\/2023\/03\/DSC_0006-300x200.jpg 300w, http:\/\/www.ctenergeticremusradulet.ro\/scoala\/wp-content\/uploads\/2023\/03\/DSC_0006-768x512.jpg 768w, http:\/\/www.ctenergeticremusradulet.ro\/scoala\/wp-content\/uploads\/2023\/03\/DSC_0006-1536x1024.jpg 1536w, http:\/\/www.ctenergeticremusradulet.ro\/scoala\/wp-content\/uploads\/2023\/03\/DSC_0006-2048x1365.jpg 2048w, http:\/\/www.ctenergeticremusradulet.ro\/scoala\/wp-content\/uploads\/2023\/03\/DSC_0006-140x94.jpg 140w\" sizes=\"(max-width: 1024px) 100vw, 1024px\" \/><\/figure>\n\n\n\n<figure class=\"wp-block-image size-large\"><img loading=\"lazy\" width=\"1024\" height=\"683\" data-id=\"2170\"  src=\"https:\/\/www.ctenergeticremusradulet.ro\/scoala\/wp-content\/uploads\/2023\/03\/DSC_0007-1024x683.jpg\" alt=\"\" class=\"wp-image-2170\" srcset=\"http:\/\/www.ctenergeticremusradulet.ro\/scoala\/wp-content\/uploads\/2023\/03\/DSC_0007-1024x683.jpg 1024w, http:\/\/www.ctenergeticremusradulet.ro\/scoala\/wp-content\/uploads\/2023\/03\/DSC_0007-300x200.jpg 300w, http:\/\/www.ctenergeticremusradulet.ro\/scoala\/wp-content\/uploads\/2023\/03\/DSC_0007-768x512.jpg 768w, http:\/\/www.ctenergeticremusradulet.ro\/scoala\/wp-content\/uploads\/2023\/03\/DSC_0007-1536x1024.jpg 1536w, http:\/\/www.ctenergeticremusradulet.ro\/scoala\/wp-content\/uploads\/2023\/03\/DSC_0007-2048x1365.jpg 2048w, http:\/\/www.ctenergeticremusradulet.ro\/scoala\/wp-content\/uploads\/2023\/03\/DSC_0007-140x94.jpg 140w\" sizes=\"(max-width: 1024px) 100vw, 1024px\" \/><\/figure>\n\n\n\n<figure class=\"wp-block-image size-large\"><img loading=\"lazy\" width=\"1024\" height=\"683\" data-id=\"2175\"  src=\"https:\/\/www.ctenergeticremusradulet.ro\/scoala\/wp-content\/uploads\/2023\/03\/DSC_0008-1024x683.jpg\" alt=\"\" class=\"wp-image-2175\" srcset=\"http:\/\/www.ctenergeticremusradulet.ro\/scoala\/wp-content\/uploads\/2023\/03\/DSC_0008-1024x683.jpg 1024w, http:\/\/www.ctenergeticremusradulet.ro\/scoala\/wp-content\/uploads\/2023\/03\/DSC_0008-300x200.jpg 300w, http:\/\/www.ctenergeticremusradulet.ro\/scoala\/wp-content\/uploads\/2023\/03\/DSC_0008-768x512.jpg 768w, http:\/\/www.ctenergeticremusradulet.ro\/scoala\/wp-content\/uploads\/2023\/03\/DSC_0008-1536x1024.jpg 1536w, http:\/\/www.ctenergeticremusradulet.ro\/scoala\/wp-content\/uploads\/2023\/03\/DSC_0008-2048x1365.jpg 2048w, http:\/\/www.ctenergeticremusradulet.ro\/scoala\/wp-content\/uploads\/2023\/03\/DSC_0008-140x94.jpg 140w\" sizes=\"(max-width: 1024px) 100vw, 1024px\" \/><\/figure>\n\n\n\n<figure class=\"wp-block-image size-large\"><img loading=\"lazy\" width=\"1024\" height=\"683\" data-id=\"2177\"  src=\"https:\/\/www.ctenergeticremusradulet.ro\/scoala\/wp-content\/uploads\/2023\/03\/DSC_0009-1024x683.jpg\" alt=\"\" class=\"wp-image-2177\" srcset=\"http:\/\/www.ctenergeticremusradulet.ro\/scoala\/wp-content\/uploads\/2023\/03\/DSC_0009-1024x683.jpg 1024w, http:\/\/www.ctenergeticremusradulet.ro\/scoala\/wp-content\/uploads\/2023\/03\/DSC_0009-300x200.jpg 300w, http:\/\/www.ctenergeticremusradulet.ro\/scoala\/wp-content\/uploads\/2023\/03\/DSC_0009-768x512.jpg 768w, http:\/\/www.ctenergeticremusradulet.ro\/scoala\/wp-content\/uploads\/2023\/03\/DSC_0009-1536x1024.jpg 1536w, http:\/\/www.ctenergeticremusradulet.ro\/scoala\/wp-content\/uploads\/2023\/03\/DSC_0009-2048x1365.jpg 2048w, http:\/\/www.ctenergeticremusradulet.ro\/scoala\/wp-content\/uploads\/2023\/03\/DSC_0009-140x94.jpg 140w\" sizes=\"(max-width: 1024px) 100vw, 1024px\" \/><\/figure>\n\n\n\n<figure class=\"wp-block-image size-large\"><img loading=\"lazy\" width=\"1024\" height=\"683\" data-id=\"2174\"  src=\"https:\/\/www.ctenergeticremusradulet.ro\/scoala\/wp-content\/uploads\/2023\/03\/DSC_0010-1024x683.jpg\" alt=\"\" class=\"wp-image-2174\" srcset=\"http:\/\/www.ctenergeticremusradulet.ro\/scoala\/wp-content\/uploads\/2023\/03\/DSC_0010-1024x683.jpg 1024w, http:\/\/www.ctenergeticremusradulet.ro\/scoala\/wp-content\/uploads\/2023\/03\/DSC_0010-300x200.jpg 300w, http:\/\/www.ctenergeticremusradulet.ro\/scoala\/wp-content\/uploads\/2023\/03\/DSC_0010-768x512.jpg 768w, http:\/\/www.ctenergeticremusradulet.ro\/scoala\/wp-content\/uploads\/2023\/03\/DSC_0010-1536x1024.jpg 1536w, http:\/\/www.ctenergeticremusradulet.ro\/scoala\/wp-content\/uploads\/2023\/03\/DSC_0010-2048x1365.jpg 2048w, http:\/\/www.ctenergeticremusradulet.ro\/scoala\/wp-content\/uploads\/2023\/03\/DSC_0010-140x94.jpg 140w\" sizes=\"(max-width: 1024px) 100vw, 1024px\" \/><\/figure>\n\n\n\n<figure class=\"wp-block-image size-large\"><img loading=\"lazy\" width=\"1024\" height=\"683\" data-id=\"2173\"  src=\"https:\/\/www.ctenergeticremusradulet.ro\/scoala\/wp-content\/uploads\/2023\/03\/DSC_0011-1024x683.jpg\" alt=\"\" class=\"wp-image-2173\" srcset=\"http:\/\/www.ctenergeticremusradulet.ro\/scoala\/wp-content\/uploads\/2023\/03\/DSC_0011-1024x683.jpg 1024w, http:\/\/www.ctenergeticremusradulet.ro\/scoala\/wp-content\/uploads\/2023\/03\/DSC_0011-300x200.jpg 300w, http:\/\/www.ctenergeticremusradulet.ro\/scoala\/wp-content\/uploads\/2023\/03\/DSC_0011-768x512.jpg 768w, http:\/\/www.ctenergeticremusradulet.ro\/scoala\/wp-content\/uploads\/2023\/03\/DSC_0011-1536x1024.jpg 1536w, http:\/\/www.ctenergeticremusradulet.ro\/scoala\/wp-content\/uploads\/2023\/03\/DSC_0011-2048x1365.jpg 2048w, http:\/\/www.ctenergeticremusradulet.ro\/scoala\/wp-content\/uploads\/2023\/03\/DSC_0011-140x94.jpg 140w\" sizes=\"(max-width: 1024px) 100vw, 1024px\" \/><\/figure>\n\n\n\n<figure class=\"wp-block-image size-large\"><img loading=\"lazy\" width=\"1024\" height=\"683\" data-id=\"2172\"  src=\"https:\/\/www.ctenergeticremusradulet.ro\/scoala\/wp-content\/uploads\/2023\/03\/DSC_0012-1024x683.jpg\" alt=\"\" class=\"wp-image-2172\" srcset=\"http:\/\/www.ctenergeticremusradulet.ro\/scoala\/wp-content\/uploads\/2023\/03\/DSC_0012-1024x683.jpg 1024w, http:\/\/www.ctenergeticremusradulet.ro\/scoala\/wp-content\/uploads\/2023\/03\/DSC_0012-300x200.jpg 300w, http:\/\/www.ctenergeticremusradulet.ro\/scoala\/wp-content\/uploads\/2023\/03\/DSC_0012-768x512.jpg 768w, http:\/\/www.ctenergeticremusradulet.ro\/scoala\/wp-content\/uploads\/2023\/03\/DSC_0012-1536x1024.jpg 1536w, http:\/\/www.ctenergeticremusradulet.ro\/scoala\/wp-content\/uploads\/2023\/03\/DSC_0012-2048x1365.jpg 2048w, http:\/\/www.ctenergeticremusradulet.ro\/scoala\/wp-content\/uploads\/2023\/03\/DSC_0012-140x94.jpg 140w\" sizes=\"(max-width: 1024px) 100vw, 1024px\" \/><\/figure>\n\n\n\n<figure class=\"wp-block-image size-large\"><img loading=\"lazy\" width=\"1024\" height=\"683\" data-id=\"2176\"  src=\"https:\/\/www.ctenergeticremusradulet.ro\/scoala\/wp-content\/uploads\/2023\/03\/DSC_0013-1024x683.jpg\" alt=\"\" class=\"wp-image-2176\" srcset=\"http:\/\/www.ctenergeticremusradulet.ro\/scoala\/wp-content\/uploads\/2023\/03\/DSC_0013-1024x683.jpg 1024w, http:\/\/www.ctenergeticremusradulet.ro\/scoala\/wp-content\/uploads\/2023\/03\/DSC_0013-300x200.jpg 300w, http:\/\/www.ctenergeticremusradulet.ro\/scoala\/wp-content\/uploads\/2023\/03\/DSC_0013-768x512.jpg 768w, http:\/\/www.ctenergeticremusradulet.ro\/scoala\/wp-content\/uploads\/2023\/03\/DSC_0013-1536x1024.jpg 1536w, http:\/\/www.ctenergeticremusradulet.ro\/scoala\/wp-content\/uploads\/2023\/03\/DSC_0013-2048x1365.jpg 2048w, http:\/\/www.ctenergeticremusradulet.ro\/scoala\/wp-content\/uploads\/2023\/03\/DSC_0013-140x94.jpg 140w\" sizes=\"(max-width: 1024px) 100vw, 1024px\" \/><\/figure>\n\n\n\n<figure class=\"wp-block-image size-large\"><img loading=\"lazy\" width=\"1024\" height=\"683\" data-id=\"2179\"  src=\"https:\/\/www.ctenergeticremusradulet.ro\/scoala\/wp-content\/uploads\/2023\/03\/DSC_0014-1024x683.jpg\" alt=\"\" class=\"wp-image-2179\" srcset=\"http:\/\/www.ctenergeticremusradulet.ro\/scoala\/wp-content\/uploads\/2023\/03\/DSC_0014-1024x683.jpg 1024w, http:\/\/www.ctenergeticremusradulet.ro\/scoala\/wp-content\/uploads\/2023\/03\/DSC_0014-300x200.jpg 300w, http:\/\/www.ctenergeticremusradulet.ro\/scoala\/wp-content\/uploads\/2023\/03\/DSC_0014-768x512.jpg 768w, http:\/\/www.ctenergeticremusradulet.ro\/scoala\/wp-content\/uploads\/2023\/03\/DSC_0014-1536x1024.jpg 1536w, http:\/\/www.ctenergeticremusradulet.ro\/scoala\/wp-content\/uploads\/2023\/03\/DSC_0014-2048x1365.jpg 2048w, http:\/\/www.ctenergeticremusradulet.ro\/scoala\/wp-content\/uploads\/2023\/03\/DSC_0014-140x94.jpg 140w\" sizes=\"(max-width: 1024px) 100vw, 1024px\" \/><\/figure>\n\n\n\n<figure class=\"wp-block-image size-large\"><img loading=\"lazy\" width=\"1024\" height=\"683\" data-id=\"2180\"  src=\"https:\/\/www.ctenergeticremusradulet.ro\/scoala\/wp-content\/uploads\/2023\/03\/DSC_0015-1024x683.jpg\" alt=\"\" class=\"wp-image-2180\" srcset=\"http:\/\/www.ctenergeticremusradulet.ro\/scoala\/wp-content\/uploads\/2023\/03\/DSC_0015-1024x683.jpg 1024w, http:\/\/www.ctenergeticremusradulet.ro\/scoala\/wp-content\/uploads\/2023\/03\/DSC_0015-300x200.jpg 300w, http:\/\/www.ctenergeticremusradulet.ro\/scoala\/wp-content\/uploads\/2023\/03\/DSC_0015-768x512.jpg 768w, http:\/\/www.ctenergeticremusradulet.ro\/scoala\/wp-content\/uploads\/2023\/03\/DSC_0015-1536x1024.jpg 1536w, http:\/\/www.ctenergeticremusradulet.ro\/scoala\/wp-content\/uploads\/2023\/03\/DSC_0015-2048x1365.jpg 2048w, http:\/\/www.ctenergeticremusradulet.ro\/scoala\/wp-content\/uploads\/2023\/03\/DSC_0015-140x94.jpg 140w\" sizes=\"(max-width: 1024px) 100vw, 1024px\" \/><\/figure>\n\n\n\n<figure class=\"wp-block-image size-large\"><img loading=\"lazy\" width=\"1024\" height=\"683\" data-id=\"2181\"  src=\"https:\/\/www.ctenergeticremusradulet.ro\/scoala\/wp-content\/uploads\/2023\/03\/DSC_0016-1024x683.jpg\" alt=\"\" class=\"wp-image-2181\" srcset=\"http:\/\/www.ctenergeticremusradulet.ro\/scoala\/wp-content\/uploads\/2023\/03\/DSC_0016-1024x683.jpg 1024w, http:\/\/www.ctenergeticremusradulet.ro\/scoala\/wp-content\/uploads\/2023\/03\/DSC_0016-300x200.jpg 300w, http:\/\/www.ctenergeticremusradulet.ro\/scoala\/wp-content\/uploads\/2023\/03\/DSC_0016-768x512.jpg 768w, http:\/\/www.ctenergeticremusradulet.ro\/scoala\/wp-content\/uploads\/2023\/03\/DSC_0016-1536x1024.jpg 1536w, http:\/\/www.ctenergeticremusradulet.ro\/scoala\/wp-content\/uploads\/2023\/03\/DSC_0016-2048x1365.jpg 2048w, http:\/\/www.ctenergeticremusradulet.ro\/scoala\/wp-content\/uploads\/2023\/03\/DSC_0016-140x94.jpg 140w\" sizes=\"(max-width: 1024px) 100vw, 1024px\" \/><\/figure>\n<\/figure>\n\n\n\n<p><\/p>\n\n\n\n<p class=\"has-text-align-center has-medium-font-size\"><strong><em>\u00ceNSCRIEREA LA GR\u0102DINI\u021a\u0102 2024-202<\/em>5<\/strong><\/p>\n\n\n\n<p class=\"has-medium-font-size\"><strong><em>CALENDAR \u0218I METODOLOGIE \u00ceNSCRIERE GR\u0102DINI\u021a\u0102 2024-2025<\/em><\/strong><\/p>\n\n\n\n<div class=\"wp-block-file\"><object class=\"wp-block-file__embed\" data=\"https:\/\/www.ctenergeticremusradulet.ro\/scoala\/wp-content\/uploads\/2024\/04\/Calendat-si-metodologie-cresagradinita.pdf\" type=\"application\/pdf\" style=\"width:100%;height:600px\" aria-label=\"Embed of Calendar-si-metodologie-cresa\/gradinita.\"><\/object><a id=\"wp-block-file--media-ef9cad91-cca3-4a60-9485-b7e4be03c0d7\" href=\"https:\/\/www.ctenergeticremusradulet.ro\/scoala\/wp-content\/uploads\/2024\/04\/Calendat-si-metodologie-cresagradinita.pdf\">Calendar-si-metodologie-cresa\/gradinita<\/a><a href=\"https:\/\/www.ctenergeticremusradulet.ro\/scoala\/wp-content\/uploads\/2024\/04\/Calendat-si-metodologie-cresagradinita.pdf\" class=\"wp-block-file__button\" download aria-describedby=\"wp-block-file--media-ef9cad91-cca3-4a60-9485-b7e4be03c0d7\">Download<\/a><\/div>\n\n\n\n<p class=\"has-medium-font-size\"><strong>CERERE DE RE\u00ceNSCRIERE GR\u0102DINI\u021a\u0102 2024-2025<\/strong><\/p>\n\n\n\n<div class=\"wp-block-file\"><object class=\"wp-block-file__embed\" data=\"https:\/\/www.ctenergeticremusradulet.ro\/scoala\/wp-content\/uploads\/2024\/04\/Cerere-de-reinscriere-gradinita-2024-20251-1-1.pdf\" type=\"application\/pdf\" style=\"width:100%;height:600px\" aria-label=\"Embed of Cerere-de-reinscriere-gradinita-2024-2025.\"><\/object><a id=\"wp-block-file--media-7d8074c9-0638-47b2-a9d6-d9a788b7408d\" href=\"https:\/\/www.ctenergeticremusradulet.ro\/scoala\/wp-content\/uploads\/2024\/04\/Cerere-de-reinscriere-gradinita-2024-20251-1-1.pdf\">Cerere-de-reinscriere-gradinita-2024-2025<\/a><a href=\"https:\/\/www.ctenergeticremusradulet.ro\/scoala\/wp-content\/uploads\/2024\/04\/Cerere-de-reinscriere-gradinita-2024-20251-1-1.pdf\" class=\"wp-block-file__button\" download aria-describedby=\"wp-block-file--media-7d8074c9-0638-47b2-a9d6-d9a788b7408d\">Download<\/a><\/div>\n\n\n\n<p class=\"has-medium-font-size\"><strong>Re\u00eenscriere\/\u00censcriere gr\u0103dini\u021b\u0103 2024-2025<\/strong><\/p>\n\n\n\n<p>Re\u00eenscrierile la gr\u0103dini\u021b\u0103, vor \u00eencepe \u00een 20 mai &#8211; 24 mai 2024, iar \u00eenscrierile copiilor cu varste cuprinse \u00eentre 3-6 ani vor \u00eencepe pe data de 27 mai &#8211; 14 iunie. Un comunicat al&nbsp;Ministerului Educa\u021biei&nbsp;arat\u0103 c\u0103 p\u0103rin\u021bii pot s\u0103 le comunice unit\u0103\u021bii de \u00eenv\u0103\u021b\u0103m\u00e2nt \u0219i prin fax, po\u0219t\u0103 electronic\u0103 sau telefonic, datele necesare pentru realizarea planific\u0103rii depunerii dosarelor.<\/p>\n\n\n\n<h2>CALENDAR \u00ceNSCRIERE GR\u0102DINI\u021a\u0102 2024-2025&nbsp;&nbsp;<\/h2>\n\n\n\n<p>Etapa de depunere a dosarelor cu documentele necesare se va desf\u0103\u0219ura conform planific\u0103rii realizate de unitatea de \u00eenv\u0103\u021b\u0103m\u00e2nt, pe zile \u0219i pe intervale orare. Planificarea va fi postat\u0103 at\u00e2t pe site-ul unit\u0103\u021bii de \u00eenv\u0103\u021b\u0103m\u00e2nt, c\u00e2t \u0219i la avizier.&nbsp;Ocuparea locurilor libere, dup\u0103 finalizarea etapei de re\u00eenscrieri, se va face, de regul\u0103, \u00een ordinea descresc\u0103toare a grupelor de v\u00e2rst\u0103, respectiv: grupa mare, grupa mijlocie \u0219i grupa mic\u0103, cu respectarea prevederilor din legisla\u021bia \u00een vigoare.\u201d, este precizat \u00een documentul trimis de Ministerul Educa\u021biei.<\/p>\n\n\n\n<p><strong>Acte necesare \u00eenscriere gr\u0103dini\u021b\u0103 2024-2025<\/strong><\/p>\n\n\n\n<p>Potrivit Inspectoratului \u0218colar, documentele necesare \u00eenscrierii sunt:<\/p>\n\n\n\n<ul><li>cererea de \u00eenscriere;<\/li><li>copie certificat de na\u0219tere copil;<\/li><li>copii CI p\u0103rin\u021bi\/tutori\/reprezentan\u021bi legali;<\/li><li>hot\u0103r\u00e2ri judec\u0103tore\u0219ti (dac\u0103 este cazul);<\/li><li>declara\u021bia acord de \u00eenscriere la unitatea solicitat\u0103 semnat\u0103 de ambii p\u0103rin\u021bi\/tutori\/reprezentan\u021bi legali;<\/li><li>documente care dovedesc \u00eendeplinirea criteriilor de departajare generale \u0219i specifice, dac\u0103 este cazul<\/li><li>fi\u0219a medical\u0103 completat\u0103 potrivit reglement\u0103rilor \u00een vigoare, eliberat\u0103 de medicul de familie.<\/li><\/ul>\n\n\n\n<h2>CRITERII DE DEPARTAJARE LA \u00ceNSCRIEREA LA GR\u0102DINI\u021a\u0102<\/h2>\n\n\n\n<p>&nbsp;&nbsp;Iat\u0103 care sunt criteriile de departajare.<\/p>\n\n\n\n<p>&#8211; prezen\u021ba unui document care dovede\u0219te c\u0103 este orfan de ambii p\u0103rin\u021bi (situa\u021bia copilului care provine de la o cas\u0103 de copii\/un centru de plasament\/plasament familial se asimileaz\u0103 situa\u021biei copilului orfan de ambii p\u0103rin\u021bi);<\/p>\n\n\n\n<p>&#8211; prezen\u021ba unui document care dovede\u0219te c\u0103 este orfan de un singur p\u0103rinte;<\/p>\n\n\n\n<p>&#8211; prezen\u021ba unui frate\/a unei surori \u00eenmatriculat\/\u00eenmatriculate, \u00een anul \u0219colar urm\u0103tor, \u00een unitatea de \u00eenv\u0103\u021b\u0103m\u00e2nt respectiv\u0103;<\/p>\n\n\n\n<p>&#8211; prezen\u021ba unui document medical eliberat de medicul specialist\/certificat de orientare \u0219colar\u0103 \u0219i profesional\u0103\/certificat de \u00eencadrare \u00een grad de handicap a copilului.<\/p>\n\n\n\n<p>Repartizarea copiilor se face \u00een ordinea descresc\u0103toare a num\u0103rului de criterii de departajare cumulate de c\u0103tre fiecare copil, mai exact cei cu prioritate sunt copiii care \u00eendeplinesc trei dintre criteriile men\u021bionate anterior, ur\u00e2nd astfel copiii care \u00eendeplinesc doua dintre criterii, ultimii fiind copiii care \u00eendeplinesc doar unul dintre criteriile men\u021bionate.<\/p>\n\n\n\n<p class=\"has-medium-font-size\"><strong>CERERE DE \u00ceNSCRIERE GR\u0102DINI\u021a\u0102 2024-2025<\/strong><\/p>\n\n\n\n<div class=\"wp-block-file\"><object class=\"wp-block-file__embed\" data=\"https:\/\/www.ctenergeticremusradulet.ro\/scoala\/wp-content\/uploads\/2024\/04\/12840_CERERE-TIP_PRESCOLAR_2024.pdf\" type=\"application\/pdf\" style=\"width:100%;height:600px\" aria-label=\"Embed of 12840_CERERE-TIP_PRESCOLAR_2024.\"><\/object><a id=\"wp-block-file--media-24846624-8fc9-4b6b-90d1-7bc8507b526f\" href=\"https:\/\/www.ctenergeticremusradulet.ro\/scoala\/wp-content\/uploads\/2024\/04\/12840_CERERE-TIP_PRESCOLAR_2024.pdf\">12840_CERERE-TIP_PRESCOLAR_2024<\/a><a href=\"https:\/\/www.ctenergeticremusradulet.ro\/scoala\/wp-content\/uploads\/2024\/04\/12840_CERERE-TIP_PRESCOLAR_2024.pdf\" class=\"wp-block-file__button\" download aria-describedby=\"wp-block-file--media-24846624-8fc9-4b6b-90d1-7bc8507b526f\">Download<\/a><\/div>\n\n\n\n<p><\/p>\n\n\n\n<p><\/p>\n\n\n\n<p><\/p>\n\n\n\n<p class=\"has-medium-font-size\"><strong><em>\u00ceNSCRIEREA LA GR\u0102DINI\u021a\u0102 2023-2024<\/em><\/strong><\/p>\n\n\n\n<p><strong><em>CERERE DE \u00ceNSCRIERE GR\u0102DINI\u021a\u0102 2023-2024<\/em><\/strong><\/p>\n\n\n\n<div class=\"wp-block-file\"><object class=\"wp-block-file__embed\" data=\"https:\/\/www.ctenergeticremusradulet.ro\/scoala\/wp-content\/uploads\/2023\/06\/CERERE-TIP_PRESCOLAR.pdf\" type=\"application\/pdf\" style=\"width:100%;height:600px\" aria-label=\"Embed of CERERE-TIP_PRESCOLAR.\"><\/object><a id=\"wp-block-file--media-f30797d6-f22e-44c5-8a9d-d7c17e7a7922\" href=\"https:\/\/www.ctenergeticremusradulet.ro\/scoala\/wp-content\/uploads\/2023\/06\/CERERE-TIP_PRESCOLAR.pdf\">CERERE-TIP_PRESCOLAR<\/a><a href=\"https:\/\/www.ctenergeticremusradulet.ro\/scoala\/wp-content\/uploads\/2023\/06\/CERERE-TIP_PRESCOLAR.pdf\" class=\"wp-block-file__button\" download aria-describedby=\"wp-block-file--media-f30797d6-f22e-44c5-8a9d-d7c17e7a7922\">Download<\/a><\/div>\n\n\n\n<p><strong><em>LOCURI LIBERE ETAPA DE \u00ceNSCRIERE 2023-2024<\/em><\/strong><\/p>\n\n\n\n<div class=\"wp-block-file\"><object class=\"wp-block-file__embed\" data=\"https:\/\/www.ctenergeticremusradulet.ro\/scoala\/wp-content\/uploads\/2023\/06\/Locuri_libere_gradinite_dupa_reinscrieri_v2.pdf\" type=\"application\/pdf\" style=\"width:100%;height:600px\" aria-label=\"Embed of Locuri_libere_gradinite_dupa_reinscrieri_v2.\"><\/object><a id=\"wp-block-file--media-4338e5f5-c1eb-4443-8353-25261080b7dc\" href=\"https:\/\/www.ctenergeticremusradulet.ro\/scoala\/wp-content\/uploads\/2023\/06\/Locuri_libere_gradinite_dupa_reinscrieri_v2.pdf\">Locuri_libere_gradinite_dupa_reinscrieri_v2<\/a><a href=\"https:\/\/www.ctenergeticremusradulet.ro\/scoala\/wp-content\/uploads\/2023\/06\/Locuri_libere_gradinite_dupa_reinscrieri_v2.pdf\" class=\"wp-block-file__button\" download aria-describedby=\"wp-block-file--media-4338e5f5-c1eb-4443-8353-25261080b7dc\">Download<\/a><\/div>\n\n\n\n<p>Locurile libere pentru \u00eenscrierea la gr\u0103dini\u021b\u0103 2023-2024 sunt:<\/p>\n\n\n\n<p>-Grupa mic\u0103 prelungit &#8211; 23 de locuri<\/p>\n\n\n\n<p>-Grupa mijlocie prelungit &#8211; 3 locuri<\/p>\n\n\n\n<p>-Grupa mare prelungit &#8211; 1 loc<\/p>\n\n\n\n<p>-Grupa mare normal &#8211; 9 locuri<\/p>\n\n\n\n<p><strong><em>ANUN\u021a \u00ceNSCRIERE GR\u0102DINI\u021a\u0102 2023-2024<\/em><\/strong><\/p>\n\n\n\n<div class=\"wp-block-file\"><object class=\"wp-block-file__embed\" data=\"https:\/\/www.ctenergeticremusradulet.ro\/scoala\/wp-content\/uploads\/2023\/06\/anunt-inscriere.pdf\" type=\"application\/pdf\" style=\"width:100%;height:600px\" aria-label=\"Embed of anunt-inscriere.\"><\/object><a id=\"wp-block-file--media-92e07ac9-c861-4965-adda-c28188d93aca\" href=\"https:\/\/www.ctenergeticremusradulet.ro\/scoala\/wp-content\/uploads\/2023\/06\/anunt-inscriere.pdf\">anunt-inscriere<\/a><a href=\"https:\/\/www.ctenergeticremusradulet.ro\/scoala\/wp-content\/uploads\/2023\/06\/anunt-inscriere.pdf\" class=\"wp-block-file__button\" download aria-describedby=\"wp-block-file--media-92e07ac9-c861-4965-adda-c28188d93aca\">Download<\/a><\/div>\n\n\n\n<p><strong><em>INFORMA\u021aII PRIVIND \u00ceNSCRIEREA \u00ceN GR\u0102DINI\u021a\u0102 2023-2024<\/em><\/strong><\/p>\n\n\n\n<div class=\"wp-block-file\"><object class=\"wp-block-file__embed\" data=\"https:\/\/www.ctenergeticremusradulet.ro\/scoala\/wp-content\/uploads\/2023\/06\/Informatii-despre-inscrierea-la-gradinita.pdf\" type=\"application\/pdf\" style=\"width:100%;height:600px\" aria-label=\"Embed of Informatii-despre-inscrierea-la-gradinita.\"><\/object><a id=\"wp-block-file--media-72fd4272-c38d-45d4-9738-9b84aa096f7c\" href=\"https:\/\/www.ctenergeticremusradulet.ro\/scoala\/wp-content\/uploads\/2023\/06\/Informatii-despre-inscrierea-la-gradinita.pdf\">Informatii-despre-inscrierea-la-gradinita<\/a><a href=\"https:\/\/www.ctenergeticremusradulet.ro\/scoala\/wp-content\/uploads\/2023\/06\/Informatii-despre-inscrierea-la-gradinita.pdf\" class=\"wp-block-file__button\" download aria-describedby=\"wp-block-file--media-72fd4272-c38d-45d4-9738-9b84aa096f7c\">Download<\/a><\/div>\n\n\n\n<p><strong><em>METODOLOGIE \u00ceNSCRIERE GR\u0102DINI\u021a\u0102 2023-2024<\/em><\/strong><\/p>\n\n\n\n<div class=\"wp-block-file\"><object class=\"wp-block-file__embed\" data=\"https:\/\/www.ctenergeticremusradulet.ro\/scoala\/wp-content\/uploads\/2023\/06\/Monitorul-Oficial-Partea-I-nr.-482-1-1-METODOLOGIA.pdf\" type=\"application\/pdf\" style=\"width:100%;height:600px\" aria-label=\"Embed of Monitorul-Oficial-Partea-I-nr.-482-1-1-METODOLOGIA.\"><\/object><a id=\"wp-block-file--media-2d24a327-6a8e-4fb1-9fa0-3dfc7192fa33\" href=\"https:\/\/www.ctenergeticremusradulet.ro\/scoala\/wp-content\/uploads\/2023\/06\/Monitorul-Oficial-Partea-I-nr.-482-1-1-METODOLOGIA.pdf\">Monitorul-Oficial-Partea-I-nr.-482-1-1-METODOLOGIA<\/a><a href=\"https:\/\/www.ctenergeticremusradulet.ro\/scoala\/wp-content\/uploads\/2023\/06\/Monitorul-Oficial-Partea-I-nr.-482-1-1-METODOLOGIA.pdf\" class=\"wp-block-file__button\" download aria-describedby=\"wp-block-file--media-2d24a327-6a8e-4fb1-9fa0-3dfc7192fa33\">Download<\/a><\/div>\n\n\n\n<p><strong><em>CALENDAR \u00ceNSCRIERE GR\u0102DINI\u021a\u0102 2023-2024<\/em><\/strong><\/p>\n\n\n\n<div class=\"wp-block-file\"><object class=\"wp-block-file__embed\" data=\"https:\/\/www.ctenergeticremusradulet.ro\/scoala\/wp-content\/uploads\/2023\/06\/Anexa_2_OM_4319_2023_Calendar_isncriere_ET.pdf\" type=\"application\/pdf\" style=\"width:100%;height:600px\" aria-label=\"Embed of Anexa_2_OM_4319_2023_Calendar_isncriere_ET.\"><\/object><a id=\"wp-block-file--media-73a5b0d7-38c3-4240-9bb2-e1235e358d22\" href=\"https:\/\/www.ctenergeticremusradulet.ro\/scoala\/wp-content\/uploads\/2023\/06\/Anexa_2_OM_4319_2023_Calendar_isncriere_ET.pdf\">Anexa_2_OM_4319_2023_Calendar_isncriere_ET<\/a><a href=\"https:\/\/www.ctenergeticremusradulet.ro\/scoala\/wp-content\/uploads\/2023\/06\/Anexa_2_OM_4319_2023_Calendar_isncriere_ET.pdf\" class=\"wp-block-file__button\" download aria-describedby=\"wp-block-file--media-73a5b0d7-38c3-4240-9bb2-e1235e358d22\">Download<\/a><\/div>\n\n\n\n<p><strong><em>CERERE DE ACORD<\/em><\/strong><\/p>\n\n\n\n<div class=\"wp-block-file\"><object class=\"wp-block-file__embed\" data=\"https:\/\/www.ctenergeticremusradulet.ro\/scoala\/wp-content\/uploads\/2023\/06\/Cerere-acord.pdf\" type=\"application\/pdf\" style=\"width:100%;height:600px\" aria-label=\"Embed of Cerere-acord.\"><\/object><a id=\"wp-block-file--media-cc462ec9-48e9-4172-b98c-97c3d9e95aa4\" href=\"https:\/\/www.ctenergeticremusradulet.ro\/scoala\/wp-content\/uploads\/2023\/06\/Cerere-acord.pdf\">Cerere-acord<\/a><a href=\"https:\/\/www.ctenergeticremusradulet.ro\/scoala\/wp-content\/uploads\/2023\/06\/Cerere-acord.pdf\" class=\"wp-block-file__button\" download aria-describedby=\"wp-block-file--media-cc462ec9-48e9-4172-b98c-97c3d9e95aa4\">Download<\/a><\/div>\n\n\n\n<p><strong><em>DECLARA\u021aIE PE PROPRIA R\u0102SPUNDERE<\/em><\/strong><\/p>\n\n\n\n<div class=\"wp-block-file\"><object class=\"wp-block-file__embed\" data=\"https:\/\/www.ctenergeticremusradulet.ro\/scoala\/wp-content\/uploads\/2023\/06\/Declaratie-pe-propria-raspundere.pdf\" type=\"application\/pdf\" style=\"width:100%;height:600px\" aria-label=\"Embed of Declaratie-pe-propria-raspundere.\"><\/object><a id=\"wp-block-file--media-f3e23f6f-1f7e-4b20-a68e-95a2dda6fbf3\" href=\"https:\/\/www.ctenergeticremusradulet.ro\/scoala\/wp-content\/uploads\/2023\/06\/Declaratie-pe-propria-raspundere.pdf\">Declaratie-pe-propria-raspundere<\/a><a href=\"https:\/\/www.ctenergeticremusradulet.ro\/scoala\/wp-content\/uploads\/2023\/06\/Declaratie-pe-propria-raspundere.pdf\" class=\"wp-block-file__button\" download aria-describedby=\"wp-block-file--media-f3e23f6f-1f7e-4b20-a68e-95a2dda6fbf3\">Download<\/a><\/div>\n\n\n\n<p><\/p>\n\n\n\n<figure class=\"wp-block-image size-full\"><img loading=\"lazy\" width=\"576\" height=\"1024\" src=\"https:\/\/www.ctenergeticremusradulet.ro\/scoala\/wp-content\/uploads\/2023\/06\/WhatsApp-Image-2023-06-06-at-11.42.09-1.jpeg\" alt=\"\" class=\"wp-image-2500\" srcset=\"http:\/\/www.ctenergeticremusradulet.ro\/scoala\/wp-content\/uploads\/2023\/06\/WhatsApp-Image-2023-06-06-at-11.42.09-1.jpeg 576w, http:\/\/www.ctenergeticremusradulet.ro\/scoala\/wp-content\/uploads\/2023\/06\/WhatsApp-Image-2023-06-06-at-11.42.09-1-169x300.jpeg 169w\" sizes=\"(max-width: 576px) 100vw, 576px\" \/><\/figure>\n\n\n\n<figure class=\"wp-block-image size-full\"><img loading=\"lazy\" width=\"1024\" height=\"576\" src=\"https:\/\/www.ctenergeticremusradulet.ro\/scoala\/wp-content\/uploads\/2023\/06\/WhatsApp-Image-2023-06-06-at-11.42.09-2-1.jpeg\" alt=\"\" class=\"wp-image-2501\" srcset=\"http:\/\/www.ctenergeticremusradulet.ro\/scoala\/wp-content\/uploads\/2023\/06\/WhatsApp-Image-2023-06-06-at-11.42.09-2-1.jpeg 1024w, http:\/\/www.ctenergeticremusradulet.ro\/scoala\/wp-content\/uploads\/2023\/06\/WhatsApp-Image-2023-06-06-at-11.42.09-2-1-300x169.jpeg 300w, http:\/\/www.ctenergeticremusradulet.ro\/scoala\/wp-content\/uploads\/2023\/06\/WhatsApp-Image-2023-06-06-at-11.42.09-2-1-768x432.jpeg 768w\" sizes=\"(max-width: 1024px) 100vw, 1024px\" \/><\/figure>\n\n\n\n<figure class=\"wp-block-image size-full\"><img loading=\"lazy\" width=\"1024\" height=\"576\" src=\"https:\/\/www.ctenergeticremusradulet.ro\/scoala\/wp-content\/uploads\/2023\/06\/WhatsApp-Image-2023-06-06-at-11.42.09-3-1.jpeg\" alt=\"\" class=\"wp-image-2502\" srcset=\"http:\/\/www.ctenergeticremusradulet.ro\/scoala\/wp-content\/uploads\/2023\/06\/WhatsApp-Image-2023-06-06-at-11.42.09-3-1.jpeg 1024w, http:\/\/www.ctenergeticremusradulet.ro\/scoala\/wp-content\/uploads\/2023\/06\/WhatsApp-Image-2023-06-06-at-11.42.09-3-1-300x169.jpeg 300w, http:\/\/www.ctenergeticremusradulet.ro\/scoala\/wp-content\/uploads\/2023\/06\/WhatsApp-Image-2023-06-06-at-11.42.09-3-1-768x432.jpeg 768w\" sizes=\"(max-width: 1024px) 100vw, 1024px\" \/><\/figure>\n\n\n\n<figure class=\"wp-block-image size-full\"><img loading=\"lazy\" width=\"1024\" height=\"576\" src=\"https:\/\/www.ctenergeticremusradulet.ro\/scoala\/wp-content\/uploads\/2023\/06\/WhatsApp-Image-2023-06-06-at-11.42.09-4.jpeg\" alt=\"\" class=\"wp-image-2503\" srcset=\"http:\/\/www.ctenergeticremusradulet.ro\/scoala\/wp-content\/uploads\/2023\/06\/WhatsApp-Image-2023-06-06-at-11.42.09-4.jpeg 1024w, http:\/\/www.ctenergeticremusradulet.ro\/scoala\/wp-content\/uploads\/2023\/06\/WhatsApp-Image-2023-06-06-at-11.42.09-4-300x169.jpeg 300w, http:\/\/www.ctenergeticremusradulet.ro\/scoala\/wp-content\/uploads\/2023\/06\/WhatsApp-Image-2023-06-06-at-11.42.09-4-768x432.jpeg 768w\" sizes=\"(max-width: 1024px) 100vw, 1024px\" \/><\/figure>\n\n\n\n<figure class=\"wp-block-image size-full\"><img loading=\"lazy\" width=\"1024\" height=\"576\" src=\"https:\/\/www.ctenergeticremusradulet.ro\/scoala\/wp-content\/uploads\/2023\/06\/WhatsApp-Image-2023-06-06-at-11.42.09-5.jpeg\" alt=\"\" class=\"wp-image-2504\" srcset=\"http:\/\/www.ctenergeticremusradulet.ro\/scoala\/wp-content\/uploads\/2023\/06\/WhatsApp-Image-2023-06-06-at-11.42.09-5.jpeg 1024w, http:\/\/www.ctenergeticremusradulet.ro\/scoala\/wp-content\/uploads\/2023\/06\/WhatsApp-Image-2023-06-06-at-11.42.09-5-300x169.jpeg 300w, http:\/\/www.ctenergeticremusradulet.ro\/scoala\/wp-content\/uploads\/2023\/06\/WhatsApp-Image-2023-06-06-at-11.42.09-5-768x432.jpeg 768w\" sizes=\"(max-width: 1024px) 100vw, 1024px\" \/><\/figure>\n\n\n\n<figure class=\"wp-block-image size-full\"><img loading=\"lazy\" width=\"1024\" height=\"576\" src=\"https:\/\/www.ctenergeticremusradulet.ro\/scoala\/wp-content\/uploads\/2023\/06\/WhatsApp-Image-2023-06-06-at-11.42.09-6.jpeg\" alt=\"\" class=\"wp-image-2505\" srcset=\"http:\/\/www.ctenergeticremusradulet.ro\/scoala\/wp-content\/uploads\/2023\/06\/WhatsApp-Image-2023-06-06-at-11.42.09-6.jpeg 1024w, http:\/\/www.ctenergeticremusradulet.ro\/scoala\/wp-content\/uploads\/2023\/06\/WhatsApp-Image-2023-06-06-at-11.42.09-6-300x169.jpeg 300w, http:\/\/www.ctenergeticremusradulet.ro\/scoala\/wp-content\/uploads\/2023\/06\/WhatsApp-Image-2023-06-06-at-11.42.09-6-768x432.jpeg 768w\" sizes=\"(max-width: 1024px) 100vw, 1024px\" \/><\/figure>\n\n\n\n<figure class=\"wp-block-image size-full\"><img loading=\"lazy\" width=\"1024\" height=\"576\" src=\"https:\/\/www.ctenergeticremusradulet.ro\/scoala\/wp-content\/uploads\/2023\/06\/WhatsApp-Image-2023-06-06-at-11.42.09.jpeg\" alt=\"\" class=\"wp-image-2506\" srcset=\"http:\/\/www.ctenergeticremusradulet.ro\/scoala\/wp-content\/uploads\/2023\/06\/WhatsApp-Image-2023-06-06-at-11.42.09.jpeg 1024w, http:\/\/www.ctenergeticremusradulet.ro\/scoala\/wp-content\/uploads\/2023\/06\/WhatsApp-Image-2023-06-06-at-11.42.09-300x169.jpeg 300w, http:\/\/www.ctenergeticremusradulet.ro\/scoala\/wp-content\/uploads\/2023\/06\/WhatsApp-Image-2023-06-06-at-11.42.09-768x432.jpeg 768w\" sizes=\"(max-width: 1024px) 100vw, 1024px\" \/><\/figure>\n","protected":false},"excerpt":{"rendered":"<p>\u00ceNV\u0102\u021a\u0102M\u00c2NT PRE\u0218COLAR GRUPE GR\u0102DINI\u021a\u0102 AN \u0218COLAR 2026-2027 Calendar \u00eenscriere gr\u0103dini\u021b\u0103 2026-2027 Informa\u021bii importante pentru p\u0103rin\u021bi \u00cen grupele de nivel antepre\u0219colar (cre\u0219\u0103) pot fi \u00eenscri\u0219i copiii cu v\u00e2rste \u00eentre 3 luni \u0219i 3 ani, \u00een limita num\u0103rului de locuri disponibile dup\u0103 etapa de re\u00eenscrieri. \u00cen grupele de nivel pre\u0219colar (gr\u0103dini\u021b\u0103) pot fi \u00eenscri\u0219i copiii cu v\u00e2rste [&hellip;]<\/p>\n","protected":false},"author":1,"featured_media":0,"parent":0,"menu_order":0,"comment_status":"closed","ping_status":"closed","template":"","meta":{"ngg_post_thumbnail":0},"_links":{"self":[{"href":"http:\/\/www.ctenergeticremusradulet.ro\/scoala\/wp-json\/wp\/v2\/pages\/2240"}],"collection":[{"href":"http:\/\/www.ctenergeticremusradulet.ro\/scoala\/wp-json\/wp\/v2\/pages"}],"about":[{"href":"http:\/\/www.ctenergeticremusradulet.ro\/scoala\/wp-json\/wp\/v2\/types\/page"}],"author":[{"embeddable":true,"href":"http:\/\/www.ctenergeticremusradulet.ro\/scoala\/wp-json\/wp\/v2\/users\/1"}],"replies":[{"embeddable":true,"href":"http:\/\/www.ctenergeticremusradulet.ro\/scoala\/wp-json\/wp\/v2\/comments?post=2240"}],"version-history":[{"count":39,"href":"http:\/\/www.ctenergeticremusradulet.ro\/scoala\/wp-json\/wp\/v2\/pages\/2240\/revisions"}],"predecessor-version":[{"id":2702,"href":"http:\/\/www.ctenergeticremusradulet.ro\/scoala\/wp-json\/wp\/v2\/pages\/2240\/revisions\/2702"}],"wp:attachment":[{"href":"http:\/\/www.ctenergeticremusradulet.ro\/scoala\/wp-json\/wp\/v2\/media?parent=2240"}],"curies":[{"name":"wp","href":"https:\/\/api.w.org\/{rel}","templated":true}]}}